{"id":36,"date":"2024-08-01T11:12:19","date_gmt":"2024-08-01T09:12:19","guid":{"rendered":"https:\/\/brigittasimon.com\/?page_id=36"},"modified":"2024-08-05T09:43:59","modified_gmt":"2024-08-05T07:43:59","slug":"news","status":"publish","type":"page","link":"https:\/\/brigittasimon.com\/hu\/news\/","title":{"rendered":"H\u00edrek"},"content":{"rendered":"\t\t<div data-elementor-type=\"wp-page\" data-elementor-id=\"36\" class=\"elementor elementor-36\" data-elementor-post-type=\"page\">\n\t\t\t\t<div class=\"elementor-element elementor-element-bb6491c e-flex e-con-boxed e-con e-parent\" data-id=\"bb6491c\" data-element_type=\"container\" data-e-type=\"container\">\n\t\t\t\t\t<div class=\"e-con-inner\">\n\t\t\t\t\t<\/div>\n\t\t\t\t<\/div>\n\t\t<div class=\"elementor-element elementor-element-235a5d4 e-flex e-con-boxed e-con e-parent\" data-id=\"235a5d4\" data-element_type=\"container\" data-e-type=\"container\">\n\t\t\t\t\t<div class=\"e-con-inner\">\n\t\t<div class=\"elementor-element elementor-element-d103504 e-con-full e-flex e-con e-child\" data-id=\"d103504\" data-element_type=\"container\" data-e-type=\"container\">\n\t\t\t\t<div class=\"elementor-element elementor-element-94269bc elementor-grid-1 elementor-grid-tablet-2 elementor-grid-mobile-1 elementor-widget elementor-widget-loop-grid\" data-id=\"94269bc\" data-element_type=\"widget\" data-e-type=\"widget\" data-settings=\"{&quot;template_id&quot;:213,&quot;columns&quot;:1,&quot;_skin&quot;:&quot;post&quot;,&quot;columns_tablet&quot;:&quot;2&quot;,&quot;columns_mobile&quot;:&quot;1&quot;,&quot;edit_handle_selector&quot;:&quot;[data-elementor-type=\\&quot;loop-item\\&quot;]&quot;,&quot;row_gap&quot;:{&quot;unit&quot;:&quot;px&quot;,&quot;size&quot;:&quot;&quot;,&quot;sizes&quot;:[]},&quot;row_gap_tablet&quot;:{&quot;unit&quot;:&quot;px&quot;,&quot;size&quot;:&quot;&quot;,&quot;sizes&quot;:[]},&quot;row_gap_mobile&quot;:{&quot;unit&quot;:&quot;px&quot;,&quot;size&quot;:&quot;&quot;,&quot;sizes&quot;:[]}}\" data-widget_type=\"loop-grid.post\">\n\t\t\t\t<div class=\"elementor-widget-container\">\n\t\t\t\t\t\t\t<div class=\"elementor-loop-container elementor-grid\" role=\"list\">\n\t\t<style id=\"loop-213\">.elementor-213 .elementor-element.elementor-element-a1bd5d0{--display:flex;--flex-direction:row;--container-widget-width:initial;--container-widget-height:100%;--container-widget-flex-grow:1;--container-widget-align-self:stretch;--flex-wrap-mobile:wrap;--gap:0px 0px;--row-gap:0px;--column-gap:0px;border-style:solid;--border-style:solid;border-width:0px 0px 3px 0px;--border-top-width:0px;--border-right-width:0px;--border-bottom-width:3px;--border-left-width:0px;border-color:var( --e-global-color-accent );--border-color:var( --e-global-color-accent );--margin-top:0px;--margin-bottom:30px;--margin-left:0px;--margin-right:0px;--padding-top:20px;--padding-bottom:30px;--padding-left:0px;--padding-right:0px;}.elementor-213 .elementor-element.elementor-element-a1bd5d0:not(.elementor-motion-effects-element-type-background), .elementor-213 .elementor-element.elementor-element-a1bd5d0 > .elementor-motion-effects-container > .elementor-motion-effects-layer{background-color:var( --e-global-color-089415c );}.elementor-213 .elementor-element.elementor-element-df191c8{--display:flex;--flex-direction:column;--container-widget-width:100%;--container-widget-height:initial;--container-widget-flex-grow:0;--container-widget-align-self:initial;--flex-wrap-mobile:wrap;--padding-top:20px;--padding-bottom:30px;--padding-left:28px;--padding-right:28px;}.elementor-widget-theme-post-featured-image .widget-image-caption{color:var( --e-global-color-text );font-family:var( --e-global-typography-text-font-family ), Sans-serif;font-weight:var( --e-global-typography-text-font-weight );}.elementor-213 .elementor-element.elementor-element-1652d4d{--display:flex;--flex-direction:column;--container-widget-width:100%;--container-widget-height:initial;--container-widget-flex-grow:0;--container-widget-align-self:initial;--flex-wrap-mobile:wrap;--padding-top:20px;--padding-bottom:0px;--padding-left:28px;--padding-right:28px;}.elementor-widget-theme-post-title .elementor-heading-title{font-family:var( --e-global-typography-primary-font-family ), Sans-serif;font-weight:var( --e-global-typography-primary-font-weight );color:var( --e-global-color-primary );}.elementor-213 .elementor-element.elementor-element-ec74ff3 .elementor-heading-title{font-family:\"Inter-Semibold\", Sans-serif;font-size:28px;font-weight:500;line-height:1.3em;color:var( --e-global-color-text );}.elementor-widget-theme-post-content{color:var( --e-global-color-text );font-family:var( --e-global-typography-text-font-family ), Sans-serif;font-weight:var( --e-global-typography-text-font-weight );}.elementor-213 .elementor-element.elementor-element-582d5e1{font-family:\"Inter-Regular\", Sans-serif;font-weight:400;}@media(min-width:768px){.elementor-213 .elementor-element.elementor-element-df191c8{--width:30%;}.elementor-213 .elementor-element.elementor-element-1652d4d{--width:68%;}}<\/style>\t\t<div data-elementor-type=\"loop-item\" data-elementor-id=\"213\" class=\"elementor elementor-213 e-loop-item e-loop-item-3098 post-3098 post type-post status-publish format-standard has-post-thumbnail hentry category-news\" data-elementor-post-type=\"elementor_library\" data-custom-edit-handle=\"1\">\n\t\t\t<div class=\"elementor-element elementor-element-a1bd5d0 e-flex e-con-boxed e-con e-parent\" data-id=\"a1bd5d0\" data-element_type=\"container\" data-e-type=\"container\" data-settings=\"{&quot;background_background&quot;:&quot;classic&quot;}\">\n\t\t\t\t\t<div class=\"e-con-inner\">\n\t\t<div class=\"elementor-element elementor-element-df191c8 e-con-full e-flex e-con e-child\" data-id=\"df191c8\" data-element_type=\"container\" data-e-type=\"container\">\n\t\t\t\t<div class=\"elementor-element elementor-element-a83d07b elementor-widget elementor-widget-theme-post-featured-image elementor-widget-image\" data-id=\"a83d07b\" data-element_type=\"widget\" data-e-type=\"widget\" data-widget_type=\"theme-post-featured-image.default\">\n\t\t\t\t<div class=\"elementor-widget-container\">\n\t\t\t\t\t\t\t\t\t\t\t\t\t\t\t<img fetchpriority=\"high\" decoding=\"async\" width=\"800\" height=\"800\" src=\"https:\/\/brigittasimon.com\/wp-content\/uploads\/2025\/12\/590226250_1428807709244508_4582112115111889123_n-1024x1024.jpg\" class=\"attachment-large size-large wp-image-3099\" alt=\"\" srcset=\"https:\/\/brigittasimon.com\/wp-content\/uploads\/2025\/12\/590226250_1428807709244508_4582112115111889123_n-1024x1024.jpg 1024w, https:\/\/brigittasimon.com\/wp-content\/uploads\/2025\/12\/590226250_1428807709244508_4582112115111889123_n-300x300.jpg 300w, https:\/\/brigittasimon.com\/wp-content\/uploads\/2025\/12\/590226250_1428807709244508_4582112115111889123_n-150x150.jpg 150w, https:\/\/brigittasimon.com\/wp-content\/uploads\/2025\/12\/590226250_1428807709244508_4582112115111889123_n-768x768.jpg 768w, https:\/\/brigittasimon.com\/wp-content\/uploads\/2025\/12\/590226250_1428807709244508_4582112115111889123_n-12x12.jpg 12w, https:\/\/brigittasimon.com\/wp-content\/uploads\/2025\/12\/590226250_1428807709244508_4582112115111889123_n.jpg 1080w\" sizes=\"(max-width: 800px) 100vw, 800px\" \/>\t\t\t\t\t\t\t\t\t\t\t\t\t\t\t<\/div>\n\t\t\t\t<\/div>\n\t\t\t\t<\/div>\n\t\t<div class=\"elementor-element elementor-element-1652d4d e-con-full e-flex e-con e-child\" data-id=\"1652d4d\" data-element_type=\"container\" data-e-type=\"container\">\n\t\t\t\t<div class=\"elementor-element elementor-element-ec74ff3 elementor-widget elementor-widget-theme-post-title elementor-page-title elementor-widget-heading\" data-id=\"ec74ff3\" data-element_type=\"widget\" data-e-type=\"widget\" data-widget_type=\"theme-post-title.default\">\n\t\t\t\t<div class=\"elementor-widget-container\">\n\t\t\t\t\t<h2 class=\"elementor-heading-title elementor-size-default\">&#8220;Salute to Vienna&#8221; New Year&#8217;s Concert<\/h2>\t\t\t\t<\/div>\n\t\t\t\t<\/div>\n\t\t\t\t<div class=\"elementor-element elementor-element-582d5e1 elementor-widget elementor-widget-theme-post-content\" data-id=\"582d5e1\" data-element_type=\"widget\" data-e-type=\"widget\" data-widget_type=\"theme-post-content.default\">\n\t\t\t\t<div class=\"elementor-widget-container\">\n\t\t\t\t\t\n<p><strong>Miami, Sarasota, Clearwater, West Palm Beach, Orlando<\/strong><\/p>\n\n\n\n<p>Celebrate the New Year with a joyful spectacle featuring celebrated singers, dazzlingly costumed dancers, and a full symphony orchestra. The exuberant music of Johann Strauss and his contemporaries springs to vibrant life with selections from beloved operettas, elegant dances, lively overtures, and the beautiful Blue Danube Waltz.<\/p>\n\n\n\n<ul class=\"wp-block-list\">\n<li><strong>Conductor:<\/strong> Imre Koll\u00e1r<\/li>\n\n\n\n<li><strong>Tenor: <\/strong>Eric Fennell<\/li>\n\n\n\n<li><strong>Orchestra:<\/strong> Strauss Symphony of America<\/li>\n<\/ul>\n\n\n\n<p><\/p>\n\n\n\n<p class=\"gomb-link\"><strong>Miami:<\/strong> <\/p>\n\n\n\n<ul class=\"wp-block-list\">\n<li><strong>When:<\/strong> 28th December 2025, at 8 p.m.<\/li>\n\n\n\n<li><strong>Where:<\/strong> Adrienne Arsht Center for the Performing Arts of Miami-Dade County (1300 Biscayne Blvd, Miami, FL 33132, United States)<\/li>\n\n\n\n<li class=\"gomb-link\"><strong><a href=\"https:\/\/www.salutetovienna.com\/concerts\/miami\" data-type=\"page\" data-id=\"2590\" target=\"_blank\" rel=\"noreferrer noopener\">Info &amp; Ticket<\/a><\/strong><\/li>\n<\/ul>\n\n\n\n<p class=\"gomb-link\"><\/p>\n\n\n\n<p class=\"gomb-link\"><strong>Sarasota:<\/strong> <\/p>\n\n\n\n<ul class=\"wp-block-list\">\n<li><strong>When:<\/strong> 30th December 2025, at 7 p.m.<\/li>\n\n\n\n<li><strong>Where:<\/strong> Van Wezel Performing Arts Hall (777 N Tamiami Trl, Sarasota, FL 34236, US)<\/li>\n\n\n\n<li class=\"gomb-link\"><strong><a href=\"https:\/\/www.salutetovienna.com\/concerts\/sarasota\" data-type=\"page\" data-id=\"2590\" target=\"_blank\" rel=\"noreferrer noopener\">Info &amp; Ticket<\/a><\/strong><\/li>\n<\/ul>\n\n\n\n<p class=\"gomb-link\"><\/p>\n\n\n\n<p class=\"gomb-link\"><strong>Clearwater:<\/strong><\/p>\n\n\n\n<ul class=\"wp-block-list\">\n<li><strong>When:<\/strong> 31st December 2025, at 3 p.m.<\/li>\n\n\n\n<li><strong>Where:<\/strong> Ruth Eckerd Hall (1111 McMullen Booth Rd, Clearwater, FL 33759, US)<\/li>\n\n\n\n<li class=\"gomb-link\"><strong><a href=\"https:\/\/www.salutetovienna.com\/concerts\/clearwater\" data-type=\"page\" data-id=\"2590\" target=\"_blank\" rel=\"noreferrer noopener\">Info &amp; Ticket<\/a><\/strong><\/li>\n<\/ul>\n\n\n\n<p class=\"gomb-link\"><\/p>\n\n\n\n<p class=\"gomb-link\"><strong>West Palm Beach:<\/strong><\/p>\n\n\n\n<ul class=\"wp-block-list\">\n<li><strong>When:<\/strong> 1st January 2026, at 7:30 p.m.<\/li>\n\n\n\n<li><strong>Where:<\/strong> Dreyfoos Hall at The Kravis Center (701 Okeechobee Blvd, West Palm Beach, FL 33401, US)<\/li>\n\n\n\n<li class=\"gomb-link\"><strong><a href=\"https:\/\/www.salutetovienna.com\/concerts\/west-palm-beach\" data-type=\"page\" data-id=\"2590\" target=\"_blank\" rel=\"noreferrer noopener\">Info &amp; Ticket<\/a><\/strong><\/li>\n<\/ul>\n\n\n\n<p class=\"gomb-link\"><\/p>\n\n\n\n<p class=\"gomb-link\"><strong>Orlando:<\/strong><\/p>\n\n\n\n<ul class=\"wp-block-list\">\n<li><strong>When:<\/strong> 3rd January 2026, at 7:30 p.m.<\/li>\n\n\n\n<li><strong>Where:<\/strong> Dr. Phillips Center for the Performing Arts (445 S Magnolia Ave, Orlando, FL 32801, US)<\/li>\n\n\n\n<li class=\"gomb-link\"><strong><a href=\"https:\/\/www.salutetovienna.com\/concerts\/orlando\" data-type=\"page\" data-id=\"2590\" target=\"_blank\" rel=\"noreferrer noopener\">Info &amp; Ticket<\/a><\/strong><\/li>\n<\/ul>\n\n\n\n<p class=\"gomb-link\"><\/p>\n\n\n\n<p><\/p>\n\t\t\t\t<\/div>\n\t\t\t\t<\/div>\n\t\t\t\t<\/div>\n\t\t\t\t\t<\/div>\n\t\t\t\t<\/div>\n\t\t\t\t<\/div>\n\t\t\t\t<div data-elementor-type=\"loop-item\" data-elementor-id=\"213\" class=\"elementor elementor-213 e-loop-item e-loop-item-3129 post-3129 post type-post status-publish format-standard has-post-thumbnail hentry category-news\" data-elementor-post-type=\"elementor_library\" data-custom-edit-handle=\"1\">\n\t\t\t<div class=\"elementor-element elementor-element-a1bd5d0 e-flex e-con-boxed e-con e-parent\" data-id=\"a1bd5d0\" data-element_type=\"container\" data-e-type=\"container\" data-settings=\"{&quot;background_background&quot;:&quot;classic&quot;}\">\n\t\t\t\t\t<div class=\"e-con-inner\">\n\t\t<div class=\"elementor-element elementor-element-df191c8 e-con-full e-flex e-con e-child\" data-id=\"df191c8\" data-element_type=\"container\" data-e-type=\"container\">\n\t\t\t\t<div class=\"elementor-element elementor-element-a83d07b elementor-widget elementor-widget-theme-post-featured-image elementor-widget-image\" data-id=\"a83d07b\" data-element_type=\"widget\" data-e-type=\"widget\" data-widget_type=\"theme-post-featured-image.default\">\n\t\t\t\t<div class=\"elementor-widget-container\">\n\t\t\t\t\t\t\t\t\t\t\t\t\t\t\t<img decoding=\"async\" width=\"678\" height=\"1024\" src=\"https:\/\/brigittasimon.com\/wp-content\/uploads\/2026\/01\/499A751F-A078-4A57-BC24-1F1401C3BA2F-678x1024.jpeg\" class=\"attachment-large size-large wp-image-3130\" alt=\"\" srcset=\"https:\/\/brigittasimon.com\/wp-content\/uploads\/2026\/01\/499A751F-A078-4A57-BC24-1F1401C3BA2F-678x1024.jpeg 678w, https:\/\/brigittasimon.com\/wp-content\/uploads\/2026\/01\/499A751F-A078-4A57-BC24-1F1401C3BA2F-199x300.jpeg 199w, https:\/\/brigittasimon.com\/wp-content\/uploads\/2026\/01\/499A751F-A078-4A57-BC24-1F1401C3BA2F-8x12.jpeg 8w, https:\/\/brigittasimon.com\/wp-content\/uploads\/2026\/01\/499A751F-A078-4A57-BC24-1F1401C3BA2F.jpeg 749w\" sizes=\"(max-width: 678px) 100vw, 678px\" \/>\t\t\t\t\t\t\t\t\t\t\t\t\t\t\t<\/div>\n\t\t\t\t<\/div>\n\t\t\t\t<\/div>\n\t\t<div class=\"elementor-element elementor-element-1652d4d e-con-full e-flex e-con e-child\" data-id=\"1652d4d\" data-element_type=\"container\" data-e-type=\"container\">\n\t\t\t\t<div class=\"elementor-element elementor-element-ec74ff3 elementor-widget elementor-widget-theme-post-title elementor-page-title elementor-widget-heading\" data-id=\"ec74ff3\" data-element_type=\"widget\" data-e-type=\"widget\" data-widget_type=\"theme-post-title.default\">\n\t\t\t\t<div class=\"elementor-widget-container\">\n\t\t\t\t\t<h2 class=\"elementor-heading-title elementor-size-default\">Happy New Year!<\/h2>\t\t\t\t<\/div>\n\t\t\t\t<\/div>\n\t\t\t\t<\/div>\n\t\t\t\t\t<\/div>\n\t\t\t\t<\/div>\n\t\t\t\t<\/div>\n\t\t\t\t<div data-elementor-type=\"loop-item\" data-elementor-id=\"213\" class=\"elementor elementor-213 e-loop-item e-loop-item-3124 post-3124 post type-post status-publish format-standard has-post-thumbnail hentry category-news\" data-elementor-post-type=\"elementor_library\" data-custom-edit-handle=\"1\">\n\t\t\t<div class=\"elementor-element elementor-element-a1bd5d0 e-flex e-con-boxed e-con e-parent\" data-id=\"a1bd5d0\" data-element_type=\"container\" data-e-type=\"container\" data-settings=\"{&quot;background_background&quot;:&quot;classic&quot;}\">\n\t\t\t\t\t<div class=\"e-con-inner\">\n\t\t<div class=\"elementor-element elementor-element-df191c8 e-con-full e-flex e-con e-child\" data-id=\"df191c8\" data-element_type=\"container\" data-e-type=\"container\">\n\t\t\t\t<div class=\"elementor-element elementor-element-a83d07b elementor-widget elementor-widget-theme-post-featured-image elementor-widget-image\" data-id=\"a83d07b\" data-element_type=\"widget\" data-e-type=\"widget\" data-widget_type=\"theme-post-featured-image.default\">\n\t\t\t\t<div class=\"elementor-widget-container\">\n\t\t\t\t\t\t\t\t\t\t\t\t\t\t\t<img decoding=\"async\" width=\"684\" height=\"1024\" src=\"https:\/\/brigittasimon.com\/wp-content\/uploads\/2025\/12\/Merry-Christmas-684x1024.jpg\" class=\"attachment-large size-large wp-image-3125\" alt=\"\" srcset=\"https:\/\/brigittasimon.com\/wp-content\/uploads\/2025\/12\/Merry-Christmas-684x1024.jpg 684w, https:\/\/brigittasimon.com\/wp-content\/uploads\/2025\/12\/Merry-Christmas-200x300.jpg 200w, https:\/\/brigittasimon.com\/wp-content\/uploads\/2025\/12\/Merry-Christmas-768x1150.jpg 768w, https:\/\/brigittasimon.com\/wp-content\/uploads\/2025\/12\/Merry-Christmas-1025x1536.jpg 1025w, https:\/\/brigittasimon.com\/wp-content\/uploads\/2025\/12\/Merry-Christmas-1367x2048.jpg 1367w, https:\/\/brigittasimon.com\/wp-content\/uploads\/2025\/12\/Merry-Christmas-8x12.jpg 8w, https:\/\/brigittasimon.com\/wp-content\/uploads\/2025\/12\/Merry-Christmas-scaled.jpg 1709w\" sizes=\"(max-width: 684px) 100vw, 684px\" \/>\t\t\t\t\t\t\t\t\t\t\t\t\t\t\t<\/div>\n\t\t\t\t<\/div>\n\t\t\t\t<\/div>\n\t\t<div class=\"elementor-element elementor-element-1652d4d e-con-full e-flex e-con e-child\" data-id=\"1652d4d\" data-element_type=\"container\" data-e-type=\"container\">\n\t\t\t\t<div class=\"elementor-element elementor-element-ec74ff3 elementor-widget elementor-widget-theme-post-title elementor-page-title elementor-widget-heading\" data-id=\"ec74ff3\" data-element_type=\"widget\" data-e-type=\"widget\" data-widget_type=\"theme-post-title.default\">\n\t\t\t\t<div class=\"elementor-widget-container\">\n\t\t\t\t\t<h2 class=\"elementor-heading-title elementor-size-default\">Merry Christmas!<\/h2>\t\t\t\t<\/div>\n\t\t\t\t<\/div>\n\t\t\t\t<div class=\"elementor-element elementor-element-582d5e1 elementor-widget elementor-widget-theme-post-content\" data-id=\"582d5e1\" data-element_type=\"widget\" data-e-type=\"widget\" data-widget_type=\"theme-post-content.default\">\n\t\t\t\t<div class=\"elementor-widget-container\">\n\t\t\t\t\t\n<p>I hope the magic of Christmas fills every corner of your heart and home with joy \u2014 now and always.<\/p>\n\t\t\t\t<\/div>\n\t\t\t\t<\/div>\n\t\t\t\t<\/div>\n\t\t\t\t\t<\/div>\n\t\t\t\t<\/div>\n\t\t\t\t<\/div>\n\t\t\t\t<div data-elementor-type=\"loop-item\" data-elementor-id=\"213\" class=\"elementor elementor-213 e-loop-item e-loop-item-3035 post-3035 post type-post status-publish format-standard has-post-thumbnail hentry category-news\" data-elementor-post-type=\"elementor_library\" data-custom-edit-handle=\"1\">\n\t\t\t<div class=\"elementor-element elementor-element-a1bd5d0 e-flex e-con-boxed e-con e-parent\" data-id=\"a1bd5d0\" data-element_type=\"container\" data-e-type=\"container\" data-settings=\"{&quot;background_background&quot;:&quot;classic&quot;}\">\n\t\t\t\t\t<div class=\"e-con-inner\">\n\t\t<div class=\"elementor-element elementor-element-df191c8 e-con-full e-flex e-con e-child\" data-id=\"df191c8\" data-element_type=\"container\" data-e-type=\"container\">\n\t\t\t\t<div class=\"elementor-element elementor-element-a83d07b elementor-widget elementor-widget-theme-post-featured-image elementor-widget-image\" data-id=\"a83d07b\" data-element_type=\"widget\" data-e-type=\"widget\" data-widget_type=\"theme-post-featured-image.default\">\n\t\t\t\t<div class=\"elementor-widget-container\">\n\t\t\t\t\t\t\t\t\t\t\t\t\t\t\t<img loading=\"lazy\" decoding=\"async\" width=\"800\" height=\"800\" src=\"https:\/\/brigittasimon.com\/wp-content\/uploads\/2025\/10\/7236.jpg\" class=\"attachment-large size-large wp-image-3036\" alt=\"\" srcset=\"https:\/\/brigittasimon.com\/wp-content\/uploads\/2025\/10\/7236.jpg 850w, https:\/\/brigittasimon.com\/wp-content\/uploads\/2025\/10\/7236-300x300.jpg 300w, https:\/\/brigittasimon.com\/wp-content\/uploads\/2025\/10\/7236-150x150.jpg 150w, https:\/\/brigittasimon.com\/wp-content\/uploads\/2025\/10\/7236-768x768.jpg 768w, https:\/\/brigittasimon.com\/wp-content\/uploads\/2025\/10\/7236-12x12.jpg 12w\" sizes=\"(max-width: 800px) 100vw, 800px\" \/>\t\t\t\t\t\t\t\t\t\t\t\t\t\t\t<\/div>\n\t\t\t\t<\/div>\n\t\t\t\t<\/div>\n\t\t<div class=\"elementor-element elementor-element-1652d4d e-con-full e-flex e-con e-child\" data-id=\"1652d4d\" data-element_type=\"container\" data-e-type=\"container\">\n\t\t\t\t<div class=\"elementor-element elementor-element-ec74ff3 elementor-widget elementor-widget-theme-post-title elementor-page-title elementor-widget-heading\" data-id=\"ec74ff3\" data-element_type=\"widget\" data-e-type=\"widget\" data-widget_type=\"theme-post-title.default\">\n\t\t\t\t<div class=\"elementor-widget-container\">\n\t\t\t\t\t<h2 class=\"elementor-heading-title elementor-size-default\">&#8220;200th Anniversary J.Strauss&#8221; &#8211; Strauss Concert Show<\/h2>\t\t\t\t<\/div>\n\t\t\t\t<\/div>\n\t\t\t\t<div class=\"elementor-element elementor-element-582d5e1 elementor-widget elementor-widget-theme-post-content\" data-id=\"582d5e1\" data-element_type=\"widget\" data-e-type=\"widget\" data-widget_type=\"theme-post-content.default\">\n\t\t\t\t<div class=\"elementor-widget-container\">\n\t\t\t\t\t\n<p><\/p>\n\n\n\n<ul class=\"wp-block-list\">\n<li><strong>Conductor:<\/strong> Vinicius Kattah<\/li>\n\n\n\n<li><strong>Soprano:<\/strong> Brigitta Simon<\/li>\n\n\n\n<li><strong>Orchestra:<\/strong> Vienna Mozart Orchestra<\/li>\n<\/ul>\n\n\n\n<p><\/p>\n\n\n\n<p><strong>When:<\/strong> 25th October 2025, at 8:00 p.m.<\/p>\n\n\n\n<p><strong>Where:<\/strong> National Palace of Culture (Ndk, Bulgaria Blvd, 1463 Sofia, BG)<\/p>\n\n\n\n<p class=\"gomb-link\"><strong><a href=\"https:\/\/www.ndk.bg\/event\/vienna-mozart-orchestra-12224-2?\" target=\"_blank\" rel=\"noreferrer noopener\">Info &amp; Ticket<\/a><\/strong><\/p>\n\t\t\t\t<\/div>\n\t\t\t\t<\/div>\n\t\t\t\t<\/div>\n\t\t\t\t\t<\/div>\n\t\t\t\t<\/div>\n\t\t\t\t<\/div>\n\t\t\t\t<div data-elementor-type=\"loop-item\" data-elementor-id=\"213\" class=\"elementor elementor-213 e-loop-item e-loop-item-3019 post-3019 post type-post status-publish format-standard has-post-thumbnail hentry category-news\" data-elementor-post-type=\"elementor_library\" data-custom-edit-handle=\"1\">\n\t\t\t<div class=\"elementor-element elementor-element-a1bd5d0 e-flex e-con-boxed e-con e-parent\" data-id=\"a1bd5d0\" data-element_type=\"container\" data-e-type=\"container\" data-settings=\"{&quot;background_background&quot;:&quot;classic&quot;}\">\n\t\t\t\t\t<div class=\"e-con-inner\">\n\t\t<div class=\"elementor-element elementor-element-df191c8 e-con-full e-flex e-con e-child\" data-id=\"df191c8\" data-element_type=\"container\" data-e-type=\"container\">\n\t\t\t\t<div class=\"elementor-element elementor-element-a83d07b elementor-widget elementor-widget-theme-post-featured-image elementor-widget-image\" data-id=\"a83d07b\" data-element_type=\"widget\" data-e-type=\"widget\" data-widget_type=\"theme-post-featured-image.default\">\n\t\t\t\t<div class=\"elementor-widget-container\">\n\t\t\t\t\t\t\t\t\t\t\t\t\t\t\t<img loading=\"lazy\" decoding=\"async\" width=\"700\" height=\"875\" src=\"https:\/\/brigittasimon.com\/wp-content\/uploads\/2025\/09\/ird151025.jpg\" class=\"attachment-large size-large wp-image-3022\" alt=\"\" srcset=\"https:\/\/brigittasimon.com\/wp-content\/uploads\/2025\/09\/ird151025.jpg 700w, https:\/\/brigittasimon.com\/wp-content\/uploads\/2025\/09\/ird151025-240x300.jpg 240w, https:\/\/brigittasimon.com\/wp-content\/uploads\/2025\/09\/ird151025-10x12.jpg 10w\" sizes=\"(max-width: 700px) 100vw, 700px\" \/>\t\t\t\t\t\t\t\t\t\t\t\t\t\t\t<\/div>\n\t\t\t\t<\/div>\n\t\t\t\t<\/div>\n\t\t<div class=\"elementor-element elementor-element-1652d4d e-con-full e-flex e-con e-child\" data-id=\"1652d4d\" data-element_type=\"container\" data-e-type=\"container\">\n\t\t\t\t<div class=\"elementor-element elementor-element-ec74ff3 elementor-widget elementor-widget-theme-post-title elementor-page-title elementor-widget-heading\" data-id=\"ec74ff3\" data-element_type=\"widget\" data-e-type=\"widget\" data-widget_type=\"theme-post-title.default\">\n\t\t\t\t<div class=\"elementor-widget-container\">\n\t\t\t\t\t<h2 class=\"elementor-heading-title elementor-size-default\">&#8220;200 Years Johann Strauss&#8221;<\/h2>\t\t\t\t<\/div>\n\t\t\t\t<\/div>\n\t\t\t\t<div class=\"elementor-element elementor-element-582d5e1 elementor-widget elementor-widget-theme-post-content\" data-id=\"582d5e1\" data-element_type=\"widget\" data-e-type=\"widget\" data-widget_type=\"theme-post-content.default\">\n\t\t\t\t<div class=\"elementor-widget-container\">\n\t\t\t\t\t\n<p><strong>Open Air Operetta Gala with the Strauss Capelle Vienna<\/strong><\/p>\n\n\n\n<ul class=\"wp-block-list\">\n<li><strong>Conductor:<\/strong> Rainer Roos<\/li>\n\n\n\n<li><strong>Soprano:<\/strong> Brigitta Simon<\/li>\n\n\n\n<li><strong>Baritone:<\/strong> Thomas Weinhappel<\/li>\n<\/ul>\n\n\n\n<p><\/p>\n\n\n\n<p><strong>When\/ Where:<\/strong>  <\/p>\n\n\n\n<ul class=\"wp-block-list\">\n<li><strong>15th October, 2025, at 9 p.m. \/ The Odeon of Herodes Atticus <\/strong>\n<ul class=\"wp-block-list\">\n<li>(Dionysiou Areopagitou, Athina 105 55, GR)<\/li>\n<\/ul>\n<\/li>\n\n\n\n<li><strong>16th October, 2025, at 9 p.m. \/ Megaron Concert Hall <\/strong>\n<ul class=\"wp-block-list\">\n<li>(25is Martiou &amp;, Thessaloniki 546 46, GR)<\/li>\n<\/ul>\n<\/li>\n<\/ul>\n\n\n\n<p class=\"gomb-link\"><strong><a href=\"https:\/\/www.more.com\/gr-en\/tickets\/music\/i-orxistra-johann-strauss-athina-thessaloniki\/\" target=\"_blank\" rel=\"noreferrer noopener\">Info &amp; Ticket<\/a><\/strong><\/p>\n\t\t\t\t<\/div>\n\t\t\t\t<\/div>\n\t\t\t\t<\/div>\n\t\t\t\t\t<\/div>\n\t\t\t\t<\/div>\n\t\t\t\t<\/div>\n\t\t\t\t<div data-elementor-type=\"loop-item\" data-elementor-id=\"213\" class=\"elementor elementor-213 e-loop-item e-loop-item-2940 post-2940 post type-post status-publish format-standard has-post-thumbnail hentry category-news\" data-elementor-post-type=\"elementor_library\" data-custom-edit-handle=\"1\">\n\t\t\t<div class=\"elementor-element elementor-element-a1bd5d0 e-flex e-con-boxed e-con e-parent\" data-id=\"a1bd5d0\" data-element_type=\"container\" data-e-type=\"container\" data-settings=\"{&quot;background_background&quot;:&quot;classic&quot;}\">\n\t\t\t\t\t<div class=\"e-con-inner\">\n\t\t<div class=\"elementor-element elementor-element-df191c8 e-con-full e-flex e-con e-child\" data-id=\"df191c8\" data-element_type=\"container\" data-e-type=\"container\">\n\t\t\t\t<div class=\"elementor-element elementor-element-a83d07b elementor-widget elementor-widget-theme-post-featured-image elementor-widget-image\" data-id=\"a83d07b\" data-element_type=\"widget\" data-e-type=\"widget\" data-widget_type=\"theme-post-featured-image.default\">\n\t\t\t\t<div class=\"elementor-widget-container\">\n\t\t\t\t\t\t\t\t\t\t\t\t\t\t\t<img loading=\"lazy\" decoding=\"async\" width=\"800\" height=\"1000\" src=\"https:\/\/brigittasimon.com\/wp-content\/uploads\/2025\/08\/533241831_122182425860343208_547255219160172053_n-819x1024.jpg\" class=\"attachment-large size-large wp-image-2942\" alt=\"\" srcset=\"https:\/\/brigittasimon.com\/wp-content\/uploads\/2025\/08\/533241831_122182425860343208_547255219160172053_n-819x1024.jpg 819w, https:\/\/brigittasimon.com\/wp-content\/uploads\/2025\/08\/533241831_122182425860343208_547255219160172053_n-240x300.jpg 240w, https:\/\/brigittasimon.com\/wp-content\/uploads\/2025\/08\/533241831_122182425860343208_547255219160172053_n-768x960.jpg 768w, https:\/\/brigittasimon.com\/wp-content\/uploads\/2025\/08\/533241831_122182425860343208_547255219160172053_n-10x12.jpg 10w, https:\/\/brigittasimon.com\/wp-content\/uploads\/2025\/08\/533241831_122182425860343208_547255219160172053_n.jpg 1080w\" sizes=\"(max-width: 800px) 100vw, 800px\" \/>\t\t\t\t\t\t\t\t\t\t\t\t\t\t\t<\/div>\n\t\t\t\t<\/div>\n\t\t\t\t<\/div>\n\t\t<div class=\"elementor-element elementor-element-1652d4d e-con-full e-flex e-con e-child\" data-id=\"1652d4d\" data-element_type=\"container\" data-e-type=\"container\">\n\t\t\t\t<div class=\"elementor-element elementor-element-ec74ff3 elementor-widget elementor-widget-theme-post-title elementor-page-title elementor-widget-heading\" data-id=\"ec74ff3\" data-element_type=\"widget\" data-e-type=\"widget\" data-widget_type=\"theme-post-title.default\">\n\t\t\t\t<div class=\"elementor-widget-container\">\n\t\t\t\t\t<h2 class=\"elementor-heading-title elementor-size-default\">&#8220;200 years of Strauss&#8221;<\/h2>\t\t\t\t<\/div>\n\t\t\t\t<\/div>\n\t\t\t\t<div class=\"elementor-element elementor-element-582d5e1 elementor-widget elementor-widget-theme-post-content\" data-id=\"582d5e1\" data-element_type=\"widget\" data-e-type=\"widget\" data-widget_type=\"theme-post-content.default\">\n\t\t\t\t<div class=\"elementor-widget-container\">\n\t\t\t\t\t\n<p><strong>&#8220;Monarhija&#8221; Open Air Operetta Gala with the Strauss Capelle Vienna<\/strong><\/p>\n\n\n\n<ul class=\"wp-block-list\">\n<li><strong>Conductor:<\/strong> Rainer Roos<\/li>\n\n\n\n<li><strong>Soprano:<\/strong> Brigitta Simon<\/li>\n\n\n\n<li><strong>Tenor:<\/strong> Vincent Schirrmacher, KS<\/li>\n<\/ul>\n\n\n\n<p><\/p>\n\n\n\n<p><strong>When:<\/strong> 4th September 2025, at 8:30 p.m.<\/p>\n\n\n\n<p><strong>Where:<\/strong> Roman Theatre Pula (Herculov prolaz 1, 52100 Pula, HR)<\/p>\n\n\n\n<p class=\"gomb-link\"><strong><a href=\"https:\/\/monarhija.hr\/en\/\" target=\"_blank\" rel=\"noreferrer noopener\">Info &amp; Ticket<\/a><\/strong><\/p>\n\t\t\t\t<\/div>\n\t\t\t\t<\/div>\n\t\t\t\t<\/div>\n\t\t\t\t\t<\/div>\n\t\t\t\t<\/div>\n\t\t\t\t<\/div>\n\t\t\t\t<div data-elementor-type=\"loop-item\" data-elementor-id=\"213\" class=\"elementor elementor-213 e-loop-item e-loop-item-2917 post-2917 post type-post status-publish format-standard has-post-thumbnail hentry category-news\" data-elementor-post-type=\"elementor_library\" data-custom-edit-handle=\"1\">\n\t\t\t<div class=\"elementor-element elementor-element-a1bd5d0 e-flex e-con-boxed e-con e-parent\" data-id=\"a1bd5d0\" data-element_type=\"container\" data-e-type=\"container\" data-settings=\"{&quot;background_background&quot;:&quot;classic&quot;}\">\n\t\t\t\t\t<div class=\"e-con-inner\">\n\t\t<div class=\"elementor-element elementor-element-df191c8 e-con-full e-flex e-con e-child\" data-id=\"df191c8\" data-element_type=\"container\" data-e-type=\"container\">\n\t\t\t\t<div class=\"elementor-element elementor-element-a83d07b elementor-widget elementor-widget-theme-post-featured-image elementor-widget-image\" data-id=\"a83d07b\" data-element_type=\"widget\" data-e-type=\"widget\" data-widget_type=\"theme-post-featured-image.default\">\n\t\t\t\t<div class=\"elementor-widget-container\">\n\t\t\t\t\t\t\t\t\t\t\t\t\t\t\t<img loading=\"lazy\" decoding=\"async\" width=\"515\" height=\"720\" src=\"https:\/\/brigittasimon.com\/wp-content\/uploads\/2025\/07\/StraussCo_DE.jpg\" class=\"attachment-large size-large wp-image-2923\" alt=\"\" srcset=\"https:\/\/brigittasimon.com\/wp-content\/uploads\/2025\/07\/StraussCo_DE.jpg 515w, https:\/\/brigittasimon.com\/wp-content\/uploads\/2025\/07\/StraussCo_DE-215x300.jpg 215w, https:\/\/brigittasimon.com\/wp-content\/uploads\/2025\/07\/StraussCo_DE-9x12.jpg 9w\" sizes=\"(max-width: 515px) 100vw, 515px\" \/>\t\t\t\t\t\t\t\t\t\t\t\t\t\t\t<\/div>\n\t\t\t\t<\/div>\n\t\t\t\t<\/div>\n\t\t<div class=\"elementor-element elementor-element-1652d4d e-con-full e-flex e-con e-child\" data-id=\"1652d4d\" data-element_type=\"container\" data-e-type=\"container\">\n\t\t\t\t<div class=\"elementor-element elementor-element-ec74ff3 elementor-widget elementor-widget-theme-post-title elementor-page-title elementor-widget-heading\" data-id=\"ec74ff3\" data-element_type=\"widget\" data-e-type=\"widget\" data-widget_type=\"theme-post-title.default\">\n\t\t\t\t<div class=\"elementor-widget-container\">\n\t\t\t\t\t<h2 class=\"elementor-heading-title elementor-size-default\">&#8220;Strau\u00df &amp; Co.&#8221;<\/h2>\t\t\t\t<\/div>\n\t\t\t\t<\/div>\n\t\t\t\t<div class=\"elementor-element elementor-element-582d5e1 elementor-widget elementor-widget-theme-post-content\" data-id=\"582d5e1\" data-element_type=\"widget\" data-e-type=\"widget\" data-widget_type=\"theme-post-content.default\">\n\t\t\t\t<div class=\"elementor-widget-container\">\n\t\t\t\t\t\n<p><strong>Concert with the Gy\u0151r Philharmonic Orchestra<\/strong><\/p>\n\n\n\n<p><\/p>\n\n\n\n<ul class=\"wp-block-list\">\n<li><strong>Conductor:<\/strong> P\u00e9ter K\u00f3cz\u00e1n<\/li>\n\n\n\n<li><strong>Orchestra:<\/strong> Gy\u0151r Philharmonic Orchestra<\/li>\n\n\n\n<li><strong>Performers:<\/strong> Zs\u00f3fia M\u00f3zer (Mezzosoprano), Brigitta Simon (Soprano)<\/li>\n<\/ul>\n\n\n\n<p><\/p>\n\n\n\n<p><strong>When:<\/strong> 23rd August 2025, at 8 p.m.<\/p>\n\n\n\n<p><strong>Where:<\/strong> Cave Theatre \u2013 Fert\u0151r\u00e1kos Quarry and Cave Theatre (H-9421 Fert\u0151r\u00e1kos, F\u0151 u. 1.)<\/p>\n\n\n\n<p class=\"gomb-link\"><strong><a href=\"https:\/\/www.fertorakosikofejto.hu\/hu\/esemenyek\/171\/strauss-co\" data-type=\"link\" data-id=\"https:\/\/www.fertorakosikofejto.hu\/hu\/esemenyek\/171\/strauss-co\" target=\"_blank\" rel=\"noreferrer noopener\">Info &amp; Ticket<\/a><\/strong><\/p>\n\t\t\t\t<\/div>\n\t\t\t\t<\/div>\n\t\t\t\t<\/div>\n\t\t\t\t\t<\/div>\n\t\t\t\t<\/div>\n\t\t\t\t<\/div>\n\t\t\t\t<div data-elementor-type=\"loop-item\" data-elementor-id=\"213\" class=\"elementor elementor-213 e-loop-item e-loop-item-2913 post-2913 post type-post status-publish format-standard has-post-thumbnail hentry category-news\" data-elementor-post-type=\"elementor_library\" data-custom-edit-handle=\"1\">\n\t\t\t<div class=\"elementor-element elementor-element-a1bd5d0 e-flex e-con-boxed e-con e-parent\" data-id=\"a1bd5d0\" data-element_type=\"container\" data-e-type=\"container\" data-settings=\"{&quot;background_background&quot;:&quot;classic&quot;}\">\n\t\t\t\t\t<div class=\"e-con-inner\">\n\t\t<div class=\"elementor-element elementor-element-df191c8 e-con-full e-flex e-con e-child\" data-id=\"df191c8\" data-element_type=\"container\" data-e-type=\"container\">\n\t\t\t\t<div class=\"elementor-element elementor-element-a83d07b elementor-widget elementor-widget-theme-post-featured-image elementor-widget-image\" data-id=\"a83d07b\" data-element_type=\"widget\" data-e-type=\"widget\" data-widget_type=\"theme-post-featured-image.default\">\n\t\t\t\t<div class=\"elementor-widget-container\">\n\t\t\t\t\t\t\t\t\t\t\t\t\t\t\t<img loading=\"lazy\" decoding=\"async\" width=\"728\" height=\"1024\" src=\"https:\/\/brigittasimon.com\/wp-content\/uploads\/2025\/07\/X-bokoz-fesztival-plakat-2025-egyedi-6-scaled-1-728x1024.jpg\" class=\"attachment-large size-large wp-image-2915\" alt=\"\" srcset=\"https:\/\/brigittasimon.com\/wp-content\/uploads\/2025\/07\/X-bokoz-fesztival-plakat-2025-egyedi-6-scaled-1-728x1024.jpg 728w, https:\/\/brigittasimon.com\/wp-content\/uploads\/2025\/07\/X-bokoz-fesztival-plakat-2025-egyedi-6-scaled-1-213x300.jpg 213w, https:\/\/brigittasimon.com\/wp-content\/uploads\/2025\/07\/X-bokoz-fesztival-plakat-2025-egyedi-6-scaled-1-768x1080.jpg 768w, https:\/\/brigittasimon.com\/wp-content\/uploads\/2025\/07\/X-bokoz-fesztival-plakat-2025-egyedi-6-scaled-1-1092x1536.jpg 1092w, https:\/\/brigittasimon.com\/wp-content\/uploads\/2025\/07\/X-bokoz-fesztival-plakat-2025-egyedi-6-scaled-1-1456x2048.jpg 1456w, https:\/\/brigittasimon.com\/wp-content\/uploads\/2025\/07\/X-bokoz-fesztival-plakat-2025-egyedi-6-scaled-1-9x12.jpg 9w, https:\/\/brigittasimon.com\/wp-content\/uploads\/2025\/07\/X-bokoz-fesztival-plakat-2025-egyedi-6-scaled-1.jpg 1820w\" sizes=\"(max-width: 728px) 100vw, 728px\" \/>\t\t\t\t\t\t\t\t\t\t\t\t\t\t\t<\/div>\n\t\t\t\t<\/div>\n\t\t\t\t<\/div>\n\t\t<div class=\"elementor-element elementor-element-1652d4d e-con-full e-flex e-con e-child\" data-id=\"1652d4d\" data-element_type=\"container\" data-e-type=\"container\">\n\t\t\t\t<div class=\"elementor-element elementor-element-ec74ff3 elementor-widget elementor-widget-theme-post-title elementor-page-title elementor-widget-heading\" data-id=\"ec74ff3\" data-element_type=\"widget\" data-e-type=\"widget\" data-widget_type=\"theme-post-title.default\">\n\t\t\t\t<div class=\"elementor-widget-container\">\n\t\t\t\t\t<h2 class=\"elementor-heading-title elementor-size-default\">&#8220;Opera Gala: Arias and Duets&#8221;<\/h2>\t\t\t\t<\/div>\n\t\t\t\t<\/div>\n\t\t\t\t<div class=\"elementor-element elementor-element-582d5e1 elementor-widget elementor-widget-theme-post-content\" data-id=\"582d5e1\" data-element_type=\"widget\" data-e-type=\"widget\" data-widget_type=\"theme-post-content.default\">\n\t\t\t\t<div class=\"elementor-widget-container\">\n\t\t\t\t\t\n<p><strong>X. B\u0151k\u00f6z Festival<\/strong><\/p>\n\n\n\n<p><\/p>\n\n\n\n<ul class=\"wp-block-list\">\n<li><strong>Conductor:<\/strong> P\u00e9ter K\u00f3cz\u00e1n<\/li>\n\n\n\n<li><strong>Orchestra:<\/strong> Chamber Ensemble of the Liszt Symphony Orchestra Sopron<\/li>\n\n\n\n<li><strong>Performers:<\/strong> Zs\u00f3fia M\u00f3zer (Mezzosoprano), Brigitta Simon (Soprano)<\/li>\n<\/ul>\n\n\n\n<p><\/p>\n\n\n\n<p><strong>When:<\/strong> 14th August, 2025, At 7:45 p.m.<\/p>\n\n\n\n<p><strong>Where:<\/strong> Basilica of M\u00e1riagy\u0171d \u2013 X. B\u0151k\u00f6z Festival (H-7818 M\u00e1riagy\u0171d, Vujicsics T. u. 66.)<\/p>\n\n\n\n<p class=\"gomb-link\"><strong><a href=\"https:\/\/bokozfesztival.hu\/\" data-type=\"link\" data-id=\"https:\/\/bokozfesztival.hu\/\" target=\"_blank\" rel=\"noreferrer noopener\">Info &amp; Ticket<\/a><\/strong><\/p>\n\n\n\n<p><\/p>\n\t\t\t\t<\/div>\n\t\t\t\t<\/div>\n\t\t\t\t<\/div>\n\t\t\t\t\t<\/div>\n\t\t\t\t<\/div>\n\t\t\t\t<\/div>\n\t\t\t\t<div data-elementor-type=\"loop-item\" data-elementor-id=\"213\" class=\"elementor elementor-213 e-loop-item e-loop-item-2877 post-2877 post type-post status-publish format-standard has-post-thumbnail hentry category-news\" data-elementor-post-type=\"elementor_library\" data-custom-edit-handle=\"1\">\n\t\t\t<div class=\"elementor-element elementor-element-a1bd5d0 e-flex e-con-boxed e-con e-parent\" data-id=\"a1bd5d0\" data-element_type=\"container\" data-e-type=\"container\" data-settings=\"{&quot;background_background&quot;:&quot;classic&quot;}\">\n\t\t\t\t\t<div class=\"e-con-inner\">\n\t\t<div class=\"elementor-element elementor-element-df191c8 e-con-full e-flex e-con e-child\" data-id=\"df191c8\" data-element_type=\"container\" data-e-type=\"container\">\n\t\t\t\t<div class=\"elementor-element elementor-element-a83d07b elementor-widget elementor-widget-theme-post-featured-image elementor-widget-image\" data-id=\"a83d07b\" data-element_type=\"widget\" data-e-type=\"widget\" data-widget_type=\"theme-post-featured-image.default\">\n\t\t\t\t<div class=\"elementor-widget-container\">\n\t\t\t\t\t\t\t\t\t\t\t\t\t\t\t<img loading=\"lazy\" decoding=\"async\" width=\"800\" height=\"717\" src=\"https:\/\/brigittasimon.com\/wp-content\/uploads\/2025\/06\/szoveg.jpg\" class=\"attachment-large size-large wp-image-2885\" alt=\"\" srcset=\"https:\/\/brigittasimon.com\/wp-content\/uploads\/2025\/06\/szoveg.jpg 953w, https:\/\/brigittasimon.com\/wp-content\/uploads\/2025\/06\/szoveg-300x269.jpg 300w, https:\/\/brigittasimon.com\/wp-content\/uploads\/2025\/06\/szoveg-768x688.jpg 768w, https:\/\/brigittasimon.com\/wp-content\/uploads\/2025\/06\/szoveg-13x12.jpg 13w\" sizes=\"(max-width: 800px) 100vw, 800px\" \/>\t\t\t\t\t\t\t\t\t\t\t\t\t\t\t<\/div>\n\t\t\t\t<\/div>\n\t\t\t\t<\/div>\n\t\t<div class=\"elementor-element elementor-element-1652d4d e-con-full e-flex e-con e-child\" data-id=\"1652d4d\" data-element_type=\"container\" data-e-type=\"container\">\n\t\t\t\t<div class=\"elementor-element elementor-element-ec74ff3 elementor-widget elementor-widget-theme-post-title elementor-page-title elementor-widget-heading\" data-id=\"ec74ff3\" data-element_type=\"widget\" data-e-type=\"widget\" data-widget_type=\"theme-post-title.default\">\n\t\t\t\t<div class=\"elementor-widget-container\">\n\t\t\t\t\t<h2 class=\"elementor-heading-title elementor-size-default\">\u201cSummer Night Concert\u201d<\/h2>\t\t\t\t<\/div>\n\t\t\t\t<\/div>\n\t\t\t\t<div class=\"elementor-element elementor-element-582d5e1 elementor-widget elementor-widget-theme-post-content\" data-id=\"582d5e1\" data-element_type=\"widget\" data-e-type=\"widget\" data-widget_type=\"theme-post-content.default\">\n\t\t\t\t<div class=\"elementor-widget-container\">\n\t\t\t\t\t\n<p><strong>200th anniversary of the birth of Johann Strauss II.<\/strong><\/p>\n\n\n\n<p><\/p>\n\n\n\n<ul class=\"wp-block-list\">\n<li><strong>Conductor:<\/strong> Vinzenz Praxmarer<\/li>\n\n\n\n<li><strong>Orchestra:<\/strong> Macedonian National Opera Orchestra<\/li>\n\n\n\n<li><strong>Performers:<\/strong> Brigitta Simon (Soprano), Ivan Naumovski (Baritone)<\/li>\n<\/ul>\n\n\n\n<p><\/p>\n\n\n\n<p><strong>When:<\/strong> 5th July 2025, at 9 p.m.<\/p>\n\n\n\n<p><strong>Where:<\/strong> Mother Teresa Square (plateau in front of the National Opera &amp; Ballet) Skopje, MK<\/p>\n\n\n\n<p class=\"gomb-link\"><strong><a href=\"https:\/\/operabalet.mk\/en\/event\/summer-night-concert\/\" target=\"_blank\" rel=\"noreferrer noopener\">Info &amp; Ticket<\/a><\/strong><\/p>\n\t\t\t\t<\/div>\n\t\t\t\t<\/div>\n\t\t\t\t<\/div>\n\t\t\t\t\t<\/div>\n\t\t\t\t<\/div>\n\t\t\t\t<\/div>\n\t\t\t\t<div data-elementor-type=\"loop-item\" data-elementor-id=\"213\" class=\"elementor elementor-213 e-loop-item e-loop-item-2815 post-2815 post type-post status-publish format-standard has-post-thumbnail hentry category-news\" data-elementor-post-type=\"elementor_library\" data-custom-edit-handle=\"1\">\n\t\t\t<div class=\"elementor-element elementor-element-a1bd5d0 e-flex e-con-boxed e-con e-parent\" data-id=\"a1bd5d0\" data-element_type=\"container\" data-e-type=\"container\" data-settings=\"{&quot;background_background&quot;:&quot;classic&quot;}\">\n\t\t\t\t\t<div class=\"e-con-inner\">\n\t\t<div class=\"elementor-element elementor-element-df191c8 e-con-full e-flex e-con e-child\" data-id=\"df191c8\" data-element_type=\"container\" data-e-type=\"container\">\n\t\t\t\t<div class=\"elementor-element elementor-element-a83d07b elementor-widget elementor-widget-theme-post-featured-image elementor-widget-image\" data-id=\"a83d07b\" data-element_type=\"widget\" data-e-type=\"widget\" data-widget_type=\"theme-post-featured-image.default\">\n\t\t\t\t<div class=\"elementor-widget-container\">\n\t\t\t\t\t\t\t\t\t\t\t\t\t\t\t<img loading=\"lazy\" decoding=\"async\" width=\"720\" height=\"1024\" src=\"https:\/\/brigittasimon.com\/wp-content\/uploads\/2025\/03\/Wahring-2025-720x1024.jpg\" class=\"attachment-large size-large wp-image-2816\" alt=\"\" srcset=\"https:\/\/brigittasimon.com\/wp-content\/uploads\/2025\/03\/Wahring-2025-720x1024.jpg 720w, https:\/\/brigittasimon.com\/wp-content\/uploads\/2025\/03\/Wahring-2025-211x300.jpg 211w, https:\/\/brigittasimon.com\/wp-content\/uploads\/2025\/03\/Wahring-2025-768x1092.jpg 768w, https:\/\/brigittasimon.com\/wp-content\/uploads\/2025\/03\/Wahring-2025-1080x1536.jpg 1080w, https:\/\/brigittasimon.com\/wp-content\/uploads\/2025\/03\/Wahring-2025-8x12.jpg 8w, https:\/\/brigittasimon.com\/wp-content\/uploads\/2025\/03\/Wahring-2025.jpg 1319w\" sizes=\"(max-width: 720px) 100vw, 720px\" \/>\t\t\t\t\t\t\t\t\t\t\t\t\t\t\t<\/div>\n\t\t\t\t<\/div>\n\t\t\t\t<\/div>\n\t\t<div class=\"elementor-element elementor-element-1652d4d e-con-full e-flex e-con e-child\" data-id=\"1652d4d\" data-element_type=\"container\" data-e-type=\"container\">\n\t\t\t\t<div class=\"elementor-element elementor-element-ec74ff3 elementor-widget elementor-widget-theme-post-title elementor-page-title elementor-widget-heading\" data-id=\"ec74ff3\" data-element_type=\"widget\" data-e-type=\"widget\" data-widget_type=\"theme-post-title.default\">\n\t\t\t\t<div class=\"elementor-widget-container\">\n\t\t\t\t\t<h2 class=\"elementor-heading-title elementor-size-default\">&#8220;200 Years Johann Strauss&#8221;<\/h2>\t\t\t\t<\/div>\n\t\t\t\t<\/div>\n\t\t\t\t<div class=\"elementor-element elementor-element-582d5e1 elementor-widget elementor-widget-theme-post-content\" data-id=\"582d5e1\" data-element_type=\"widget\" data-e-type=\"widget\" data-widget_type=\"theme-post-content.default\">\n\t\t\t\t<div class=\"elementor-widget-container\">\n\t\t\t\t\t\n<p><strong>Concert with the Vienna Classic Orchestra<\/strong><\/p>\n\n\n\n<p><\/p>\n\n\n\n<p><strong>When:<\/strong> <\/p>\n\n\n\n<ul class=\"wp-block-list\">\n<li>8th May, 2025, at 7 p.m.<\/li>\n\n\n\n<li>15th May, 2025, at 7 p.m<\/li>\n<\/ul>\n\n\n\n<p><\/p>\n\n\n\n<p><strong>Where:<\/strong> Festival Hall- City Hall W\u00e4hring (Martinstra\u00dfe 100, 1180 Vienna, AT)<\/p>\n\n\n\n<p class=\"gomb-link\"><strong><a href=\"https:\/\/wk.wienerklassik.at\/startseite\/start-en\/\" target=\"_blank\" rel=\"noreferrer noopener\">Info &amp; Ticket<\/a><\/strong><\/p>\n\n\n\n<p><\/p>\n\t\t\t\t<\/div>\n\t\t\t\t<\/div>\n\t\t\t\t<\/div>\n\t\t\t\t\t<\/div>\n\t\t\t\t<\/div>\n\t\t\t\t<\/div>\n\t\t\t\t<div data-elementor-type=\"loop-item\" data-elementor-id=\"213\" class=\"elementor elementor-213 e-loop-item e-loop-item-2780 post-2780 post type-post status-publish format-standard has-post-thumbnail hentry category-news\" data-elementor-post-type=\"elementor_library\" data-custom-edit-handle=\"1\">\n\t\t\t<div class=\"elementor-element elementor-element-a1bd5d0 e-flex e-con-boxed e-con e-parent\" data-id=\"a1bd5d0\" data-element_type=\"container\" data-e-type=\"container\" data-settings=\"{&quot;background_background&quot;:&quot;classic&quot;}\">\n\t\t\t\t\t<div class=\"e-con-inner\">\n\t\t<div class=\"elementor-element elementor-element-df191c8 e-con-full e-flex e-con e-child\" data-id=\"df191c8\" data-element_type=\"container\" data-e-type=\"container\">\n\t\t\t\t<div class=\"elementor-element elementor-element-a83d07b elementor-widget elementor-widget-theme-post-featured-image elementor-widget-image\" data-id=\"a83d07b\" data-element_type=\"widget\" data-e-type=\"widget\" data-widget_type=\"theme-post-featured-image.default\">\n\t\t\t\t<div class=\"elementor-widget-container\">\n\t\t\t\t\t\t\t\t\t\t\t\t\t\t\t<img loading=\"lazy\" decoding=\"async\" width=\"566\" height=\"800\" src=\"https:\/\/brigittasimon.com\/wp-content\/uploads\/2025\/02\/e_e49682d37f68acde5e7dc4ea215064ae_52387386bc829fd934166bc833b1f98f.jpg\" class=\"attachment-large size-large wp-image-2781\" alt=\"\" srcset=\"https:\/\/brigittasimon.com\/wp-content\/uploads\/2025\/02\/e_e49682d37f68acde5e7dc4ea215064ae_52387386bc829fd934166bc833b1f98f.jpg 566w, https:\/\/brigittasimon.com\/wp-content\/uploads\/2025\/02\/e_e49682d37f68acde5e7dc4ea215064ae_52387386bc829fd934166bc833b1f98f-212x300.jpg 212w, https:\/\/brigittasimon.com\/wp-content\/uploads\/2025\/02\/e_e49682d37f68acde5e7dc4ea215064ae_52387386bc829fd934166bc833b1f98f-8x12.jpg 8w\" sizes=\"(max-width: 566px) 100vw, 566px\" \/>\t\t\t\t\t\t\t\t\t\t\t\t\t\t\t<\/div>\n\t\t\t\t<\/div>\n\t\t\t\t<\/div>\n\t\t<div class=\"elementor-element elementor-element-1652d4d e-con-full e-flex e-con e-child\" data-id=\"1652d4d\" data-element_type=\"container\" data-e-type=\"container\">\n\t\t\t\t<div class=\"elementor-element elementor-element-ec74ff3 elementor-widget elementor-widget-theme-post-title elementor-page-title elementor-widget-heading\" data-id=\"ec74ff3\" data-element_type=\"widget\" data-e-type=\"widget\" data-widget_type=\"theme-post-title.default\">\n\t\t\t\t<div class=\"elementor-widget-container\">\n\t\t\t\t\t<h2 class=\"elementor-heading-title elementor-size-default\">Siaa Opera Gala with Daniele Agiman \u2013 State Opera Varna<\/h2>\t\t\t\t<\/div>\n\t\t\t\t<\/div>\n\t\t\t\t<div class=\"elementor-element elementor-element-582d5e1 elementor-widget elementor-widget-theme-post-content\" data-id=\"582d5e1\" data-element_type=\"widget\" data-e-type=\"widget\" data-widget_type=\"theme-post-content.default\">\n\t\t\t\t<div class=\"elementor-widget-container\">\n\t\t\t\t\t\n<ul class=\"wp-block-list\">\n<li><strong>Conductor:<\/strong> Prof. Daniele Agiman<\/li>\n\n\n\n<li><strong>Orchestra:<\/strong> Orchestra of the Varna State Opera<\/li>\n\n\n\n<li><strong>Performers:<\/strong> Sandra Sarikovaite (Soprano), Brigitta Simon (Soprano), Egle Wyss (Mezzo-Soprano), Carlo Raffaelli (Tenor), Romanas Kudriasovas (Bariton), Juan Carlos Heredia (Bariton)<\/li>\n<\/ul>\n\n\n\n<p><\/p>\n\n\n\n<p><strong>When:<\/strong> 7th March, 2025, at 7:00 p.m.<\/p>\n\n\n\n<p><strong>Where:<\/strong> Main Hall, State Opera Varna (CenterOdesos, pl. &#8220;Nezavisimost&#8221; 1, 9000 Varna, BG)<\/p>\n\n\n\n<p class=\"gomb-link\"><strong><a href=\"https:\/\/fccvarna.bg\/%D1%81%D1%8A%D0%B1%D0%B8%D1%82%D0%B8%D0%B5\/%D0%BE%D0%BF%D0%B5%D1%80%D0%B5%D0%BD-%D0%BA%D0%BE%D0%BD%D1%86%D0%B5%D1%80%D1%82-7032025?fbclid=IwY2xjawIkB6ZleHRuA2FlbQIxMAABHTcROIolOLdOmQSCpgcU7e7TZia1P0ZsvS8bpC0hnEEPSXjVEbtzwMrV7g_aem_hhJonNk0eIlWoYCMI51-GA\" target=\"_blank\" rel=\"noreferrer noopener\">Info &amp; Ticket<\/a><\/strong><\/p>\n\t\t\t\t<\/div>\n\t\t\t\t<\/div>\n\t\t\t\t<\/div>\n\t\t\t\t\t<\/div>\n\t\t\t\t<\/div>\n\t\t\t\t<\/div>\n\t\t\t\t<div data-elementor-type=\"loop-item\" data-elementor-id=\"213\" class=\"elementor elementor-213 e-loop-item e-loop-item-2734 post-2734 post type-post status-publish format-standard has-post-thumbnail hentry category-news\" data-elementor-post-type=\"elementor_library\" data-custom-edit-handle=\"1\">\n\t\t\t<div class=\"elementor-element elementor-element-a1bd5d0 e-flex e-con-boxed e-con e-parent\" data-id=\"a1bd5d0\" data-element_type=\"container\" data-e-type=\"container\" data-settings=\"{&quot;background_background&quot;:&quot;classic&quot;}\">\n\t\t\t\t\t<div class=\"e-con-inner\">\n\t\t<div class=\"elementor-element elementor-element-df191c8 e-con-full e-flex e-con e-child\" data-id=\"df191c8\" data-element_type=\"container\" data-e-type=\"container\">\n\t\t\t\t<div class=\"elementor-element elementor-element-a83d07b elementor-widget elementor-widget-theme-post-featured-image elementor-widget-image\" data-id=\"a83d07b\" data-element_type=\"widget\" data-e-type=\"widget\" data-widget_type=\"theme-post-featured-image.default\">\n\t\t\t\t<div class=\"elementor-widget-container\">\n\t\t\t\t\t\t\t\t\t\t\t\t\t\t\t<img loading=\"lazy\" decoding=\"async\" width=\"800\" height=\"471\" src=\"https:\/\/brigittasimon.com\/wp-content\/uploads\/2025\/01\/Filharmonia-farsangi-koncert-1024x603.jpg\" class=\"attachment-large size-large wp-image-2735\" alt=\"\" srcset=\"https:\/\/brigittasimon.com\/wp-content\/uploads\/2025\/01\/Filharmonia-farsangi-koncert-1024x603.jpg 1024w, https:\/\/brigittasimon.com\/wp-content\/uploads\/2025\/01\/Filharmonia-farsangi-koncert-300x177.jpg 300w, https:\/\/brigittasimon.com\/wp-content\/uploads\/2025\/01\/Filharmonia-farsangi-koncert-768x452.jpg 768w, https:\/\/brigittasimon.com\/wp-content\/uploads\/2025\/01\/Filharmonia-farsangi-koncert-18x12.jpg 18w, https:\/\/brigittasimon.com\/wp-content\/uploads\/2025\/01\/Filharmonia-farsangi-koncert.jpg 1080w\" sizes=\"(max-width: 800px) 100vw, 800px\" \/>\t\t\t\t\t\t\t\t\t\t\t\t\t\t\t<\/div>\n\t\t\t\t<\/div>\n\t\t\t\t<\/div>\n\t\t<div class=\"elementor-element elementor-element-1652d4d e-con-full e-flex e-con e-child\" data-id=\"1652d4d\" data-element_type=\"container\" data-e-type=\"container\">\n\t\t\t\t<div class=\"elementor-element elementor-element-ec74ff3 elementor-widget elementor-widget-theme-post-title elementor-page-title elementor-widget-heading\" data-id=\"ec74ff3\" data-element_type=\"widget\" data-e-type=\"widget\" data-widget_type=\"theme-post-title.default\">\n\t\t\t\t<div class=\"elementor-widget-container\">\n\t\t\t\t\t<h2 class=\"elementor-heading-title elementor-size-default\">Carnival concert with the Gy\u0151r Philharmonic Orchestra<\/h2>\t\t\t\t<\/div>\n\t\t\t\t<\/div>\n\t\t\t\t<div class=\"elementor-element elementor-element-582d5e1 elementor-widget elementor-widget-theme-post-content\" data-id=\"582d5e1\" data-element_type=\"widget\" data-e-type=\"widget\" data-widget_type=\"theme-post-content.default\">\n\t\t\t\t<div class=\"elementor-widget-container\">\n\t\t\t\t\t\n<ul class=\"wp-block-list\">\n<li><strong>Conductor:<\/strong> Levente T\u00f6r\u00f6k<\/li>\n\n\n\n<li><strong>Orchestra:<\/strong> Philharmonic Orchestra Gy\u0151r<\/li>\n<\/ul>\n\n\n\n<p><\/p>\n\n\n\n<p><strong>When:<\/strong> 17th February 2025, at 7 p.m.<\/p>\n\n\n\n<p><strong>Where:<\/strong> Flesch K\u00e1roly Cultural Center (Erkel Ferenc u.14, 9200 Mosonmagyar\u00f3v\u00e1r, HU)<\/p>\n\n\n\n<p class=\"gomb-link\"><a href=\"https:\/\/gyfz.hu\/icalendar\/event\/currentDate\/2025-02-17\/ice_id\/143\/m\/40\" data-type=\"link\" data-id=\"https:\/\/gyfz.hu\/icalendar\/event\/currentDate\/2025-02-17\/ice_id\/143\/m\/40\" target=\"_blank\" rel=\"noreferrer noopener\">Info &amp; Ticket<\/a><\/p>\n\t\t\t\t<\/div>\n\t\t\t\t<\/div>\n\t\t\t\t<\/div>\n\t\t\t\t\t<\/div>\n\t\t\t\t<\/div>\n\t\t\t\t<\/div>\n\t\t\t\t<div data-elementor-type=\"loop-item\" data-elementor-id=\"213\" class=\"elementor elementor-213 e-loop-item e-loop-item-2730 post-2730 post type-post status-publish format-standard has-post-thumbnail hentry category-news\" data-elementor-post-type=\"elementor_library\" data-custom-edit-handle=\"1\">\n\t\t\t<div class=\"elementor-element elementor-element-a1bd5d0 e-flex e-con-boxed e-con e-parent\" data-id=\"a1bd5d0\" data-element_type=\"container\" data-e-type=\"container\" data-settings=\"{&quot;background_background&quot;:&quot;classic&quot;}\">\n\t\t\t\t\t<div class=\"e-con-inner\">\n\t\t<div class=\"elementor-element elementor-element-df191c8 e-con-full e-flex e-con e-child\" data-id=\"df191c8\" data-element_type=\"container\" data-e-type=\"container\">\n\t\t\t\t<div class=\"elementor-element elementor-element-a83d07b elementor-widget elementor-widget-theme-post-featured-image elementor-widget-image\" data-id=\"a83d07b\" data-element_type=\"widget\" data-e-type=\"widget\" data-widget_type=\"theme-post-featured-image.default\">\n\t\t\t\t<div class=\"elementor-widget-container\">\n\t\t\t\t\t\t\t\t\t\t\t\t\t\t\t<img loading=\"lazy\" decoding=\"async\" width=\"800\" height=\"800\" src=\"https:\/\/brigittasimon.com\/wp-content\/uploads\/2025\/01\/2025-02-15_gyfz_farsang_web-1024x1024.jpg\" class=\"attachment-large size-large wp-image-2731\" alt=\"\" srcset=\"https:\/\/brigittasimon.com\/wp-content\/uploads\/2025\/01\/2025-02-15_gyfz_farsang_web-1024x1024.jpg 1024w, https:\/\/brigittasimon.com\/wp-content\/uploads\/2025\/01\/2025-02-15_gyfz_farsang_web-300x300.jpg 300w, https:\/\/brigittasimon.com\/wp-content\/uploads\/2025\/01\/2025-02-15_gyfz_farsang_web-150x150.jpg 150w, https:\/\/brigittasimon.com\/wp-content\/uploads\/2025\/01\/2025-02-15_gyfz_farsang_web-768x768.jpg 768w, https:\/\/brigittasimon.com\/wp-content\/uploads\/2025\/01\/2025-02-15_gyfz_farsang_web-12x12.jpg 12w, https:\/\/brigittasimon.com\/wp-content\/uploads\/2025\/01\/2025-02-15_gyfz_farsang_web.jpg 1080w\" sizes=\"(max-width: 800px) 100vw, 800px\" \/>\t\t\t\t\t\t\t\t\t\t\t\t\t\t\t<\/div>\n\t\t\t\t<\/div>\n\t\t\t\t<\/div>\n\t\t<div class=\"elementor-element elementor-element-1652d4d e-con-full e-flex e-con e-child\" data-id=\"1652d4d\" data-element_type=\"container\" data-e-type=\"container\">\n\t\t\t\t<div class=\"elementor-element elementor-element-ec74ff3 elementor-widget elementor-widget-theme-post-title elementor-page-title elementor-widget-heading\" data-id=\"ec74ff3\" data-element_type=\"widget\" data-e-type=\"widget\" data-widget_type=\"theme-post-title.default\">\n\t\t\t\t<div class=\"elementor-widget-container\">\n\t\t\t\t\t<h2 class=\"elementor-heading-title elementor-size-default\">Carnival concert with the Gy\u0151r Philharmonic Orchestra<\/h2>\t\t\t\t<\/div>\n\t\t\t\t<\/div>\n\t\t\t\t<div class=\"elementor-element elementor-element-582d5e1 elementor-widget elementor-widget-theme-post-content\" data-id=\"582d5e1\" data-element_type=\"widget\" data-e-type=\"widget\" data-widget_type=\"theme-post-content.default\">\n\t\t\t\t<div class=\"elementor-widget-container\">\n\t\t\t\t\t\n<ul class=\"wp-block-list\">\n<li><strong>Conductor:<\/strong> Levente T\u00f6r\u00f6k<\/li>\n\n\n\n<li><strong>Orchestra:<\/strong> Philharmonic Orchestra Gy\u0151r<\/li>\n<\/ul>\n\n\n\n<p><\/p>\n\n\n\n<p><strong>When:<\/strong> 15th February 2025, at 7 p.m.<\/p>\n\n\n\n<p><strong>Where:<\/strong> Csapl\u00e1r Benedek Conference And Concert Hall (Korzo B\u00e9lu Bart\u00f3ka 791, 929 01 Dunajsk\u00e1 Streda, SK)<\/p>\n\n\n\n<p class=\"gomb-link\"><strong><a href=\"https:\/\/gyfz.hu\/icalendar\/event\/currentDate\/2025-02-15\/ice_id\/157\/m\/40\" target=\"_blank\" rel=\"noreferrer noopener\">Info &amp; Ticket<\/a><\/strong><\/p>\n\t\t\t\t<\/div>\n\t\t\t\t<\/div>\n\t\t\t\t<\/div>\n\t\t\t\t\t<\/div>\n\t\t\t\t<\/div>\n\t\t\t\t<\/div>\n\t\t\t\t<div data-elementor-type=\"loop-item\" data-elementor-id=\"213\" class=\"elementor elementor-213 e-loop-item e-loop-item-2703 post-2703 post type-post status-publish format-standard has-post-thumbnail hentry category-news\" data-elementor-post-type=\"elementor_library\" data-custom-edit-handle=\"1\">\n\t\t\t<div class=\"elementor-element elementor-element-a1bd5d0 e-flex e-con-boxed e-con e-parent\" data-id=\"a1bd5d0\" data-element_type=\"container\" data-e-type=\"container\" data-settings=\"{&quot;background_background&quot;:&quot;classic&quot;}\">\n\t\t\t\t\t<div class=\"e-con-inner\">\n\t\t<div class=\"elementor-element elementor-element-df191c8 e-con-full e-flex e-con e-child\" data-id=\"df191c8\" data-element_type=\"container\" data-e-type=\"container\">\n\t\t\t\t<div class=\"elementor-element elementor-element-a83d07b elementor-widget elementor-widget-theme-post-featured-image elementor-widget-image\" data-id=\"a83d07b\" data-element_type=\"widget\" data-e-type=\"widget\" data-widget_type=\"theme-post-featured-image.default\">\n\t\t\t\t<div class=\"elementor-widget-container\">\n\t\t\t\t\t\t\t\t\t\t\t\t\t\t\t<img loading=\"lazy\" decoding=\"async\" width=\"800\" height=\"1013\" src=\"https:\/\/brigittasimon.com\/wp-content\/uploads\/2024\/12\/IMG_9680-809x1024.jpeg\" class=\"attachment-large size-large wp-image-2704\" alt=\"\" srcset=\"https:\/\/brigittasimon.com\/wp-content\/uploads\/2024\/12\/IMG_9680-809x1024.jpeg 809w, https:\/\/brigittasimon.com\/wp-content\/uploads\/2024\/12\/IMG_9680-237x300.jpeg 237w, https:\/\/brigittasimon.com\/wp-content\/uploads\/2024\/12\/IMG_9680-768x972.jpeg 768w, https:\/\/brigittasimon.com\/wp-content\/uploads\/2024\/12\/IMG_9680-1214x1536.jpeg 1214w, https:\/\/brigittasimon.com\/wp-content\/uploads\/2024\/12\/IMG_9680-9x12.jpeg 9w, https:\/\/brigittasimon.com\/wp-content\/uploads\/2024\/12\/IMG_9680.jpeg 1469w\" sizes=\"(max-width: 800px) 100vw, 800px\" \/>\t\t\t\t\t\t\t\t\t\t\t\t\t\t\t<\/div>\n\t\t\t\t<\/div>\n\t\t\t\t<\/div>\n\t\t<div class=\"elementor-element elementor-element-1652d4d e-con-full e-flex e-con e-child\" data-id=\"1652d4d\" data-element_type=\"container\" data-e-type=\"container\">\n\t\t\t\t<div class=\"elementor-element elementor-element-ec74ff3 elementor-widget elementor-widget-theme-post-title elementor-page-title elementor-widget-heading\" data-id=\"ec74ff3\" data-element_type=\"widget\" data-e-type=\"widget\" data-widget_type=\"theme-post-title.default\">\n\t\t\t\t<div class=\"elementor-widget-container\">\n\t\t\t\t\t<h2 class=\"elementor-heading-title elementor-size-default\">HAPPY NEW YEAR!<\/h2>\t\t\t\t<\/div>\n\t\t\t\t<\/div>\n\t\t\t\t<div class=\"elementor-element elementor-element-582d5e1 elementor-widget elementor-widget-theme-post-content\" data-id=\"582d5e1\" data-element_type=\"widget\" data-e-type=\"widget\" data-widget_type=\"theme-post-content.default\">\n\t\t\t\t<div class=\"elementor-widget-container\">\n\t\t\t\t\t\n<p>With love,<\/p>\n\n\n\n<p>Brigitta<\/p>\n\n\n\n<p><\/p>\n\t\t\t\t<\/div>\n\t\t\t\t<\/div>\n\t\t\t\t<\/div>\n\t\t\t\t\t<\/div>\n\t\t\t\t<\/div>\n\t\t\t\t<\/div>\n\t\t\t\t<div data-elementor-type=\"loop-item\" data-elementor-id=\"213\" class=\"elementor elementor-213 e-loop-item e-loop-item-2694 post-2694 post type-post status-publish format-standard has-post-thumbnail hentry category-news\" data-elementor-post-type=\"elementor_library\" data-custom-edit-handle=\"1\">\n\t\t\t<div class=\"elementor-element elementor-element-a1bd5d0 e-flex e-con-boxed e-con e-parent\" data-id=\"a1bd5d0\" data-element_type=\"container\" data-e-type=\"container\" data-settings=\"{&quot;background_background&quot;:&quot;classic&quot;}\">\n\t\t\t\t\t<div class=\"e-con-inner\">\n\t\t<div class=\"elementor-element elementor-element-df191c8 e-con-full e-flex e-con e-child\" data-id=\"df191c8\" data-element_type=\"container\" data-e-type=\"container\">\n\t\t\t\t<div class=\"elementor-element elementor-element-a83d07b elementor-widget elementor-widget-theme-post-featured-image elementor-widget-image\" data-id=\"a83d07b\" data-element_type=\"widget\" data-e-type=\"widget\" data-widget_type=\"theme-post-featured-image.default\">\n\t\t\t\t<div class=\"elementor-widget-container\">\n\t\t\t\t\t\t\t\t\t\t\t\t\t\t\t<img loading=\"lazy\" decoding=\"async\" width=\"800\" height=\"800\" src=\"https:\/\/brigittasimon.com\/wp-content\/uploads\/2024\/12\/IMG_9462-1024x1024.jpeg\" class=\"attachment-large size-large wp-image-2696\" alt=\"\" srcset=\"https:\/\/brigittasimon.com\/wp-content\/uploads\/2024\/12\/IMG_9462-1024x1024.jpeg 1024w, https:\/\/brigittasimon.com\/wp-content\/uploads\/2024\/12\/IMG_9462-300x300.jpeg 300w, https:\/\/brigittasimon.com\/wp-content\/uploads\/2024\/12\/IMG_9462-150x150.jpeg 150w, https:\/\/brigittasimon.com\/wp-content\/uploads\/2024\/12\/IMG_9462-768x768.jpeg 768w, https:\/\/brigittasimon.com\/wp-content\/uploads\/2024\/12\/IMG_9462-12x12.jpeg 12w, https:\/\/brigittasimon.com\/wp-content\/uploads\/2024\/12\/IMG_9462.jpeg 1080w\" sizes=\"(max-width: 800px) 100vw, 800px\" \/>\t\t\t\t\t\t\t\t\t\t\t\t\t\t\t<\/div>\n\t\t\t\t<\/div>\n\t\t\t\t<\/div>\n\t\t<div class=\"elementor-element elementor-element-1652d4d e-con-full e-flex e-con e-child\" data-id=\"1652d4d\" data-element_type=\"container\" data-e-type=\"container\">\n\t\t\t\t<div class=\"elementor-element elementor-element-ec74ff3 elementor-widget elementor-widget-theme-post-title elementor-page-title elementor-widget-heading\" data-id=\"ec74ff3\" data-element_type=\"widget\" data-e-type=\"widget\" data-widget_type=\"theme-post-title.default\">\n\t\t\t\t<div class=\"elementor-widget-container\">\n\t\t\t\t\t<h2 class=\"elementor-heading-title elementor-size-default\">&#8220;Salute to Vienna&#8221; New Year&#8217;s Concert &#8211; Toronto<\/h2>\t\t\t\t<\/div>\n\t\t\t\t<\/div>\n\t\t\t\t<div class=\"elementor-element elementor-element-582d5e1 elementor-widget elementor-widget-theme-post-content\" data-id=\"582d5e1\" data-element_type=\"widget\" data-e-type=\"widget\" data-widget_type=\"theme-post-content.default\">\n\t\t\t\t<div class=\"elementor-widget-container\">\n\t\t\t\t\t\n<p>Celebrate the New Year with a joyful spectacle featuring celebrated singers, dazzlingly costumed dancers, and a full symphony orchestra. The exuberant music of Johann Strauss and his contemporaries springs to vibrant life with selections from beloved operettas, elegant dances, lively overtures, and the beautiful Blue Danube Waltz.<\/p>\n\n\n\n<ul class=\"wp-block-list\">\n<li><strong>Conductor:<\/strong> Michael Zehetner<\/li>\n\n\n\n<li><strong>Tenor: <\/strong>Eric Fennell<\/li>\n\n\n\n<li><strong>Orchestra:<\/strong> Strauss Symphony of Canada<\/li>\n<\/ul>\n\n\n\n<p><strong>When:<\/strong> 1st January, 2025, at 2:30 p.m.<\/p>\n\n\n\n<p><strong>Where:<\/strong> Roy Thomson Hall (David Pecaut Square, 60 Simcoe St, Toronto, Canada)<\/p>\n\n\n\n<p class=\"gomb-link\"><strong><a href=\"https:\/\/www.salutetovienna.com\/concerts\/toronto\" target=\"_blank\" rel=\"noreferrer noopener\">Info &amp; Ticket<\/a><\/strong><\/p>\n\t\t\t\t<\/div>\n\t\t\t\t<\/div>\n\t\t\t\t<\/div>\n\t\t\t\t\t<\/div>\n\t\t\t\t<\/div>\n\t\t\t\t<\/div>\n\t\t\t\t<div data-elementor-type=\"loop-item\" data-elementor-id=\"213\" class=\"elementor elementor-213 e-loop-item e-loop-item-2682 post-2682 post type-post status-publish format-standard has-post-thumbnail hentry category-news\" data-elementor-post-type=\"elementor_library\" data-custom-edit-handle=\"1\">\n\t\t\t<div class=\"elementor-element elementor-element-a1bd5d0 e-flex e-con-boxed e-con e-parent\" data-id=\"a1bd5d0\" data-element_type=\"container\" data-e-type=\"container\" data-settings=\"{&quot;background_background&quot;:&quot;classic&quot;}\">\n\t\t\t\t\t<div class=\"e-con-inner\">\n\t\t<div class=\"elementor-element elementor-element-df191c8 e-con-full e-flex e-con e-child\" data-id=\"df191c8\" data-element_type=\"container\" data-e-type=\"container\">\n\t\t\t\t<div class=\"elementor-element elementor-element-a83d07b elementor-widget elementor-widget-theme-post-featured-image elementor-widget-image\" data-id=\"a83d07b\" data-element_type=\"widget\" data-e-type=\"widget\" data-widget_type=\"theme-post-featured-image.default\">\n\t\t\t\t<div class=\"elementor-widget-container\">\n\t\t\t\t\t\t\t\t\t\t\t\t\t\t\t<img loading=\"lazy\" decoding=\"async\" width=\"800\" height=\"800\" src=\"https:\/\/brigittasimon.com\/wp-content\/uploads\/2024\/12\/IMG_9461-1024x1024.jpeg\" class=\"attachment-large size-large wp-image-2691\" alt=\"\" srcset=\"https:\/\/brigittasimon.com\/wp-content\/uploads\/2024\/12\/IMG_9461-1024x1024.jpeg 1024w, https:\/\/brigittasimon.com\/wp-content\/uploads\/2024\/12\/IMG_9461-300x300.jpeg 300w, https:\/\/brigittasimon.com\/wp-content\/uploads\/2024\/12\/IMG_9461-150x150.jpeg 150w, https:\/\/brigittasimon.com\/wp-content\/uploads\/2024\/12\/IMG_9461-768x768.jpeg 768w, https:\/\/brigittasimon.com\/wp-content\/uploads\/2024\/12\/IMG_9461-12x12.jpeg 12w, https:\/\/brigittasimon.com\/wp-content\/uploads\/2024\/12\/IMG_9461.jpeg 1080w\" sizes=\"(max-width: 800px) 100vw, 800px\" \/>\t\t\t\t\t\t\t\t\t\t\t\t\t\t\t<\/div>\n\t\t\t\t<\/div>\n\t\t\t\t<\/div>\n\t\t<div class=\"elementor-element elementor-element-1652d4d e-con-full e-flex e-con e-child\" data-id=\"1652d4d\" data-element_type=\"container\" data-e-type=\"container\">\n\t\t\t\t<div class=\"elementor-element elementor-element-ec74ff3 elementor-widget elementor-widget-theme-post-title elementor-page-title elementor-widget-heading\" data-id=\"ec74ff3\" data-element_type=\"widget\" data-e-type=\"widget\" data-widget_type=\"theme-post-title.default\">\n\t\t\t\t<div class=\"elementor-widget-container\">\n\t\t\t\t\t<h2 class=\"elementor-heading-title elementor-size-default\">&#8220;Salute to Vienna&#8221; New Year&#8217;s Concert &#8211; Hamilton<\/h2>\t\t\t\t<\/div>\n\t\t\t\t<\/div>\n\t\t\t\t<div class=\"elementor-element elementor-element-582d5e1 elementor-widget elementor-widget-theme-post-content\" data-id=\"582d5e1\" data-element_type=\"widget\" data-e-type=\"widget\" data-widget_type=\"theme-post-content.default\">\n\t\t\t\t<div class=\"elementor-widget-container\">\n\t\t\t\t\t\n<p>Celebrate the New Year with a joyful spectacle featuring celebrated singers, dazzlingly costumed dancers, and a full symphony orchestra. The exuberant music of Johann Strauss and his contemporaries springs to vibrant life with selections from beloved operettas, elegant dances, lively overtures, and the beautiful Blue Danube Waltz.<\/p>\n\n\n\n<ul class=\"wp-block-list\">\n<li><strong>Conductor:<\/strong> Michael Zehetner<\/li>\n\n\n\n<li><strong>Tenor: <\/strong>Eric Fennell<\/li>\n\n\n\n<li><strong>Orchestra:<\/strong> Strauss Symphony of Canada<\/li>\n<\/ul>\n\n\n\n<p><\/p>\n\n\n\n<p><strong>When:<\/strong> 29th December, 2024, at 2:30 p.m.<\/p>\n\n\n\n<p><strong>Where:<\/strong> Firstontario Concert Hall (Ellen Fairclough Building, 1 Summers Ln, Hamilton, Canada)<\/p>\n\n\n\n<p class=\"gomb-link\"><strong><a href=\"https:\/\/www.salutetovienna.com\/concerts\/hamilton\" data-type=\"page\" data-id=\"2590\" target=\"_blank\" rel=\"noreferrer noopener\">Info &amp; Ticket<\/a><\/strong><\/p>\n\n\n\n<p><\/p>\n\t\t\t\t<\/div>\n\t\t\t\t<\/div>\n\t\t\t\t<\/div>\n\t\t\t\t\t<\/div>\n\t\t\t\t<\/div>\n\t\t\t\t<\/div>\n\t\t\t\t<div data-elementor-type=\"loop-item\" data-elementor-id=\"213\" class=\"elementor elementor-213 e-loop-item e-loop-item-2667 post-2667 post type-post status-publish format-standard has-post-thumbnail hentry category-news\" data-elementor-post-type=\"elementor_library\" data-custom-edit-handle=\"1\">\n\t\t\t<div class=\"elementor-element elementor-element-a1bd5d0 e-flex e-con-boxed e-con e-parent\" data-id=\"a1bd5d0\" data-element_type=\"container\" data-e-type=\"container\" data-settings=\"{&quot;background_background&quot;:&quot;classic&quot;}\">\n\t\t\t\t\t<div class=\"e-con-inner\">\n\t\t<div class=\"elementor-element elementor-element-df191c8 e-con-full e-flex e-con e-child\" data-id=\"df191c8\" data-element_type=\"container\" data-e-type=\"container\">\n\t\t\t\t<div class=\"elementor-element elementor-element-a83d07b elementor-widget elementor-widget-theme-post-featured-image elementor-widget-image\" data-id=\"a83d07b\" data-element_type=\"widget\" data-e-type=\"widget\" data-widget_type=\"theme-post-featured-image.default\">\n\t\t\t\t<div class=\"elementor-widget-container\">\n\t\t\t\t\t\t\t\t\t\t\t\t\t\t\t<img loading=\"lazy\" decoding=\"async\" width=\"740\" height=\"1024\" src=\"https:\/\/brigittasimon.com\/wp-content\/uploads\/2024\/10\/462327738_10211743687463689_6709626170220096626_n-740x1024.jpg\" class=\"attachment-large size-large wp-image-2668\" alt=\"\" srcset=\"https:\/\/brigittasimon.com\/wp-content\/uploads\/2024\/10\/462327738_10211743687463689_6709626170220096626_n-740x1024.jpg 740w, https:\/\/brigittasimon.com\/wp-content\/uploads\/2024\/10\/462327738_10211743687463689_6709626170220096626_n-217x300.jpg 217w, https:\/\/brigittasimon.com\/wp-content\/uploads\/2024\/10\/462327738_10211743687463689_6709626170220096626_n-768x1063.jpg 768w, https:\/\/brigittasimon.com\/wp-content\/uploads\/2024\/10\/462327738_10211743687463689_6709626170220096626_n-9x12.jpg 9w, https:\/\/brigittasimon.com\/wp-content\/uploads\/2024\/10\/462327738_10211743687463689_6709626170220096626_n.jpg 980w\" sizes=\"(max-width: 740px) 100vw, 740px\" \/>\t\t\t\t\t\t\t\t\t\t\t\t\t\t\t<\/div>\n\t\t\t\t<\/div>\n\t\t\t\t<\/div>\n\t\t<div class=\"elementor-element elementor-element-1652d4d e-con-full e-flex e-con e-child\" data-id=\"1652d4d\" data-element_type=\"container\" data-e-type=\"container\">\n\t\t\t\t<div class=\"elementor-element elementor-element-ec74ff3 elementor-widget elementor-widget-theme-post-title elementor-page-title elementor-widget-heading\" data-id=\"ec74ff3\" data-element_type=\"widget\" data-e-type=\"widget\" data-widget_type=\"theme-post-title.default\">\n\t\t\t\t<div class=\"elementor-widget-container\">\n\t\t\t\t\t<h2 class=\"elementor-heading-title elementor-size-default\">Siaa Opera Gala \u201cDaniele Agiman \u2013 Concerto lirico sinfonico\u201d<\/h2>\t\t\t\t<\/div>\n\t\t\t\t<\/div>\n\t\t\t\t<div class=\"elementor-element elementor-element-582d5e1 elementor-widget elementor-widget-theme-post-content\" data-id=\"582d5e1\" data-element_type=\"widget\" data-e-type=\"widget\" data-widget_type=\"theme-post-content.default\">\n\t\t\t\t<div class=\"elementor-widget-container\">\n\t\t\t\t\t\n<ul class=\"wp-block-list\">\n<li><strong>Conductor:<\/strong> Prof. Daniele Agiman<\/li>\n\n\n\n<li><strong>Orchestra:<\/strong> Ente de Carolis<\/li>\n\n\n\n<li><strong>Performers:<\/strong> Brigitta Simon (Soprano), Alexandra Flood (Soprano), Sandra Sarikovaite (Soprano), David Jagodic (Tenor), Romanas Kudriasovas (Baritone), Sreten Manoljovic (Bass-Baritone)<\/li>\n<\/ul>\n\n\n\n<p><\/p>\n\n\n\n<p><strong>When:<\/strong> 19th October, 2024, at 8:30 p.m.<\/p>\n\n\n\n<p><strong>Where:<\/strong> Main Hall, Teatro Comunale di Sassari (Viale Trieste, 5, 07100 Sassari SS, IT)<\/p>\n\n\n\n<p class=\"gomb-link\"><strong><a href=\"https:\/\/www.marialisadecarolis.it\/opera-lirica.aspx?id=353\" target=\"_blank\" rel=\"noreferrer noopener\">Info &amp; Ticket<\/a><\/strong><\/p>\n\n\n\n<p><\/p>\n\t\t\t\t<\/div>\n\t\t\t\t<\/div>\n\t\t\t\t<\/div>\n\t\t\t\t\t<\/div>\n\t\t\t\t<\/div>\n\t\t\t\t<\/div>\n\t\t\t\t<div data-elementor-type=\"loop-item\" data-elementor-id=\"213\" class=\"elementor elementor-213 e-loop-item e-loop-item-2065 post-2065 post type-post status-publish format-standard has-post-thumbnail hentry category-news\" data-elementor-post-type=\"elementor_library\" data-custom-edit-handle=\"1\">\n\t\t\t<div class=\"elementor-element elementor-element-a1bd5d0 e-flex e-con-boxed e-con e-parent\" data-id=\"a1bd5d0\" data-element_type=\"container\" data-e-type=\"container\" data-settings=\"{&quot;background_background&quot;:&quot;classic&quot;}\">\n\t\t\t\t\t<div class=\"e-con-inner\">\n\t\t<div class=\"elementor-element elementor-element-df191c8 e-con-full e-flex e-con e-child\" data-id=\"df191c8\" data-element_type=\"container\" data-e-type=\"container\">\n\t\t\t\t<div class=\"elementor-element elementor-element-a83d07b elementor-widget elementor-widget-theme-post-featured-image elementor-widget-image\" data-id=\"a83d07b\" data-element_type=\"widget\" data-e-type=\"widget\" data-widget_type=\"theme-post-featured-image.default\">\n\t\t\t\t<div class=\"elementor-widget-container\">\n\t\t\t\t\t\t\t\t\t\t\t\t\t\t\t<img loading=\"lazy\" decoding=\"async\" width=\"300\" height=\"300\" src=\"https:\/\/brigittasimon.com\/wp-content\/uploads\/2024\/08\/Strauss-Capelle-Pula.jpeg\" class=\"attachment-large size-large wp-image-2069\" alt=\"\" srcset=\"https:\/\/brigittasimon.com\/wp-content\/uploads\/2024\/08\/Strauss-Capelle-Pula.jpeg 300w, https:\/\/brigittasimon.com\/wp-content\/uploads\/2024\/08\/Strauss-Capelle-Pula-150x150.jpeg 150w, https:\/\/brigittasimon.com\/wp-content\/uploads\/2024\/08\/Strauss-Capelle-Pula-12x12.jpeg 12w\" sizes=\"(max-width: 300px) 100vw, 300px\" \/>\t\t\t\t\t\t\t\t\t\t\t\t\t\t\t<\/div>\n\t\t\t\t<\/div>\n\t\t\t\t<\/div>\n\t\t<div class=\"elementor-element elementor-element-1652d4d e-con-full e-flex e-con e-child\" data-id=\"1652d4d\" data-element_type=\"container\" data-e-type=\"container\">\n\t\t\t\t<div class=\"elementor-element elementor-element-ec74ff3 elementor-widget elementor-widget-theme-post-title elementor-page-title elementor-widget-heading\" data-id=\"ec74ff3\" data-element_type=\"widget\" data-e-type=\"widget\" data-widget_type=\"theme-post-title.default\">\n\t\t\t\t<div class=\"elementor-widget-container\">\n\t\t\t\t\t<h2 class=\"elementor-heading-title elementor-size-default\">&#8220;Monarhija&#8221; Open Air Operetta Gala with the Strauss Capelle Vienna<\/h2>\t\t\t\t<\/div>\n\t\t\t\t<\/div>\n\t\t\t\t<div class=\"elementor-element elementor-element-582d5e1 elementor-widget elementor-widget-theme-post-content\" data-id=\"582d5e1\" data-element_type=\"widget\" data-e-type=\"widget\" data-widget_type=\"theme-post-content.default\">\n\t\t\t\t<div class=\"elementor-widget-container\">\n\t\t\t\t\t\n<ul class=\"wp-block-list\">\n<li><strong>Conductor:<\/strong> Rainer Roos<\/li>\n\n\n\n<li><strong>Soprano:<\/strong> Brigitta Simon<\/li>\n\n\n\n<li><strong>Baritone:<\/strong> Thomas Weinhappel<\/li>\n<\/ul>\n\n\n\n<p><\/p>\n\n\n\n<p><strong>When:<\/strong> 13th September, 2024, at 8:30 p.m.<\/p>\n\n\n\n<p><strong>Where:<\/strong> Roman Theatre Pula (Herculov prolaz 1, 52100 Pula, HR)<\/p>\n\n\n\n<p class=\"gomb-link\"><strong><a href=\"https:\/\/monarhija.hr\/en\/\" target=\"_blank\" rel=\"noreferrer noopener\">Info &amp; Ticket<\/a><\/strong><\/p>\n\t\t\t\t<\/div>\n\t\t\t\t<\/div>\n\t\t\t\t<\/div>\n\t\t\t\t\t<\/div>\n\t\t\t\t<\/div>\n\t\t\t\t<\/div>\n\t\t\t\t<div data-elementor-type=\"loop-item\" data-elementor-id=\"213\" class=\"elementor elementor-213 e-loop-item e-loop-item-197 post-197 post type-post status-publish format-standard has-post-thumbnail hentry category-news\" data-elementor-post-type=\"elementor_library\" data-custom-edit-handle=\"1\">\n\t\t\t<div class=\"elementor-element elementor-element-a1bd5d0 e-flex e-con-boxed e-con e-parent\" data-id=\"a1bd5d0\" data-element_type=\"container\" data-e-type=\"container\" data-settings=\"{&quot;background_background&quot;:&quot;classic&quot;}\">\n\t\t\t\t\t<div class=\"e-con-inner\">\n\t\t<div class=\"elementor-element elementor-element-df191c8 e-con-full e-flex e-con e-child\" data-id=\"df191c8\" data-element_type=\"container\" data-e-type=\"container\">\n\t\t\t\t<div class=\"elementor-element elementor-element-a83d07b elementor-widget elementor-widget-theme-post-featured-image elementor-widget-image\" data-id=\"a83d07b\" data-element_type=\"widget\" data-e-type=\"widget\" data-widget_type=\"theme-post-featured-image.default\">\n\t\t\t\t<div class=\"elementor-widget-container\">\n\t\t\t\t\t\t\t\t\t\t\t\t\t\t\t<img loading=\"lazy\" decoding=\"async\" width=\"748\" height=\"1024\" src=\"https:\/\/brigittasimon.com\/wp-content\/uploads\/2024\/08\/WKO-Hereinspaziert-748x1024.jpg\" class=\"attachment-large size-large wp-image-198\" alt=\"\" srcset=\"https:\/\/brigittasimon.com\/wp-content\/uploads\/2024\/08\/WKO-Hereinspaziert-748x1024.jpg 748w, https:\/\/brigittasimon.com\/wp-content\/uploads\/2024\/08\/WKO-Hereinspaziert-219x300.jpg 219w, https:\/\/brigittasimon.com\/wp-content\/uploads\/2024\/08\/WKO-Hereinspaziert-768x1051.jpg 768w, https:\/\/brigittasimon.com\/wp-content\/uploads\/2024\/08\/WKO-Hereinspaziert-1122x1536.jpg 1122w, https:\/\/brigittasimon.com\/wp-content\/uploads\/2024\/08\/WKO-Hereinspaziert.jpg 1125w\" sizes=\"(max-width: 748px) 100vw, 748px\" \/>\t\t\t\t\t\t\t\t\t\t\t\t\t\t\t<\/div>\n\t\t\t\t<\/div>\n\t\t\t\t<\/div>\n\t\t<div class=\"elementor-element elementor-element-1652d4d e-con-full e-flex e-con e-child\" data-id=\"1652d4d\" data-element_type=\"container\" data-e-type=\"container\">\n\t\t\t\t<div class=\"elementor-element elementor-element-ec74ff3 elementor-widget elementor-widget-theme-post-title elementor-page-title elementor-widget-heading\" data-id=\"ec74ff3\" data-element_type=\"widget\" data-e-type=\"widget\" data-widget_type=\"theme-post-title.default\">\n\t\t\t\t<div class=\"elementor-widget-container\">\n\t\t\t\t\t<h2 class=\"elementor-heading-title elementor-size-default\">&#8220;Hereinspaziert!&#8221; Concert with the Vienna Classic Orchestra<\/h2>\t\t\t\t<\/div>\n\t\t\t\t<\/div>\n\t\t\t\t<div class=\"elementor-element elementor-element-582d5e1 elementor-widget elementor-widget-theme-post-content\" data-id=\"582d5e1\" data-element_type=\"widget\" data-e-type=\"widget\" data-widget_type=\"theme-post-content.default\">\n\t\t\t\t<div class=\"elementor-widget-container\">\n\t\t\t\t\t\n<p><strong>When:<\/strong> 23rd May, 2024, at 7:30 p.m.<\/p>\n\n\n\n<p><strong>Where:<\/strong> Festival Hall- City Hall W\u00e4hring (Martinstra\u00dfe 100, 1180 Vienna, AT)<\/p>\n\n\n\n<p class=\"gomb-link\"><strong><a href=\"https:\/\/wk.wienerklassik.at\/startseite\/start-en\/\" target=\"_blank\" rel=\"noreferrer noopener\">Info &amp; Ticket<\/a><\/strong><\/p>\n\n\n\n<p><\/p>\n\t\t\t\t<\/div>\n\t\t\t\t<\/div>\n\t\t\t\t<\/div>\n\t\t\t\t\t<\/div>\n\t\t\t\t<\/div>\n\t\t\t\t<\/div>\n\t\t\t\t<div data-elementor-type=\"loop-item\" data-elementor-id=\"213\" class=\"elementor elementor-213 e-loop-item e-loop-item-242 post-242 post type-post status-publish format-standard has-post-thumbnail hentry category-news\" data-elementor-post-type=\"elementor_library\" data-custom-edit-handle=\"1\">\n\t\t\t<div class=\"elementor-element elementor-element-a1bd5d0 e-flex e-con-boxed e-con e-parent\" data-id=\"a1bd5d0\" data-element_type=\"container\" data-e-type=\"container\" data-settings=\"{&quot;background_background&quot;:&quot;classic&quot;}\">\n\t\t\t\t\t<div class=\"e-con-inner\">\n\t\t<div class=\"elementor-element elementor-element-df191c8 e-con-full e-flex e-con e-child\" data-id=\"df191c8\" data-element_type=\"container\" data-e-type=\"container\">\n\t\t\t\t<div class=\"elementor-element elementor-element-a83d07b elementor-widget elementor-widget-theme-post-featured-image elementor-widget-image\" data-id=\"a83d07b\" data-element_type=\"widget\" data-e-type=\"widget\" data-widget_type=\"theme-post-featured-image.default\">\n\t\t\t\t<div class=\"elementor-widget-container\">\n\t\t\t\t\t\t\t\t\t\t\t\t\t\t\t<img loading=\"lazy\" decoding=\"async\" width=\"800\" height=\"534\" src=\"https:\/\/brigittasimon.com\/wp-content\/uploads\/2024\/08\/philharmonie-leipzig-orchester-1024x684.jpg\" class=\"attachment-large size-large wp-image-243\" alt=\"\" srcset=\"https:\/\/brigittasimon.com\/wp-content\/uploads\/2024\/08\/philharmonie-leipzig-orchester-1024x684.jpg 1024w, https:\/\/brigittasimon.com\/wp-content\/uploads\/2024\/08\/philharmonie-leipzig-orchester-300x200.jpg 300w, https:\/\/brigittasimon.com\/wp-content\/uploads\/2024\/08\/philharmonie-leipzig-orchester-768x513.jpg 768w, https:\/\/brigittasimon.com\/wp-content\/uploads\/2024\/08\/philharmonie-leipzig-orchester-1536x1025.jpg 1536w, https:\/\/brigittasimon.com\/wp-content\/uploads\/2024\/08\/philharmonie-leipzig-orchester.jpg 2048w\" sizes=\"(max-width: 800px) 100vw, 800px\" \/>\t\t\t\t\t\t\t\t\t\t\t\t\t\t\t<\/div>\n\t\t\t\t<\/div>\n\t\t\t\t<\/div>\n\t\t<div class=\"elementor-element elementor-element-1652d4d e-con-full e-flex e-con e-child\" data-id=\"1652d4d\" data-element_type=\"container\" data-e-type=\"container\">\n\t\t\t\t<div class=\"elementor-element elementor-element-ec74ff3 elementor-widget elementor-widget-theme-post-title elementor-page-title elementor-widget-heading\" data-id=\"ec74ff3\" data-element_type=\"widget\" data-e-type=\"widget\" data-widget_type=\"theme-post-title.default\">\n\t\t\t\t<div class=\"elementor-widget-container\">\n\t\t\t\t\t<h2 class=\"elementor-heading-title elementor-size-default\">Siaa Opera Gala with the Philharmonie Leipzig<\/h2>\t\t\t\t<\/div>\n\t\t\t\t<\/div>\n\t\t\t\t<div class=\"elementor-element elementor-element-582d5e1 elementor-widget elementor-widget-theme-post-content\" data-id=\"582d5e1\" data-element_type=\"widget\" data-e-type=\"widget\" data-widget_type=\"theme-post-content.default\">\n\t\t\t\t<div class=\"elementor-widget-container\">\n\t\t\t\t\t\n<ul class=\"wp-block-list\">\n<li><strong>Conductor:<\/strong> Michael K\u00f6hler<\/li>\n\n\n\n<li><strong>Orchestra:<\/strong> Philharmonie Leipzig<\/li>\n\n\n\n<li><strong>Performers:<\/strong> Brigitta Simon (Soprano), Alexandra Flood (Soprano), Egle Wyss (Mezzosoprano), David Jagodic (Tenor), Carlo Raffaelli (Tenor), Szymon Mechlinski (Baritone)<\/li>\n<\/ul>\n\n\n\n<p><\/p>\n\n\n\n<p><strong>When:<\/strong> 13th April, 2024, at 8:00 p.m.<\/p>\n\n\n\n<p><strong>Where:<\/strong> Main Hall, Gewandhaus Leipzig (Augustuspl. 8, 04109 Leipzig, DE)<\/p>\n\n\n\n<p class=\"gomb-link\"><strong><a href=\"https:\/\/www.gewandhausorchester.de\/en\/event\/philharmonie-leipzig-praesentiert-8396\/\" target=\"_blank\" rel=\"noreferrer noopener\">Info &amp; Ticket<\/a><\/strong><\/p>\n\n\n\n<p><\/p>\n\t\t\t\t<\/div>\n\t\t\t\t<\/div>\n\t\t\t\t<\/div>\n\t\t\t\t\t<\/div>\n\t\t\t\t<\/div>\n\t\t\t\t<\/div>\n\t\t\t\t<div data-elementor-type=\"loop-item\" data-elementor-id=\"213\" class=\"elementor elementor-213 e-loop-item e-loop-item-275 post-275 post type-post status-publish format-standard has-post-thumbnail hentry category-news\" data-elementor-post-type=\"elementor_library\" data-custom-edit-handle=\"1\">\n\t\t\t<div class=\"elementor-element elementor-element-a1bd5d0 e-flex e-con-boxed e-con e-parent\" data-id=\"a1bd5d0\" data-element_type=\"container\" data-e-type=\"container\" data-settings=\"{&quot;background_background&quot;:&quot;classic&quot;}\">\n\t\t\t\t\t<div class=\"e-con-inner\">\n\t\t<div class=\"elementor-element elementor-element-df191c8 e-con-full e-flex e-con e-child\" data-id=\"df191c8\" data-element_type=\"container\" data-e-type=\"container\">\n\t\t\t\t<div class=\"elementor-element elementor-element-a83d07b elementor-widget elementor-widget-theme-post-featured-image elementor-widget-image\" data-id=\"a83d07b\" data-element_type=\"widget\" data-e-type=\"widget\" data-widget_type=\"theme-post-featured-image.default\">\n\t\t\t\t<div class=\"elementor-widget-container\">\n\t\t\t\t\t\t\t\t\t\t\t\t\t\t\t<img loading=\"lazy\" decoding=\"async\" width=\"800\" height=\"655\" src=\"https:\/\/brigittasimon.com\/wp-content\/uploads\/2024\/08\/Sofia-opera-magic-flute-1024x838.jpg\" class=\"attachment-large size-large wp-image-2061\" alt=\"\" srcset=\"https:\/\/brigittasimon.com\/wp-content\/uploads\/2024\/08\/Sofia-opera-magic-flute-1024x838.jpg 1024w, https:\/\/brigittasimon.com\/wp-content\/uploads\/2024\/08\/Sofia-opera-magic-flute-300x246.jpg 300w, https:\/\/brigittasimon.com\/wp-content\/uploads\/2024\/08\/Sofia-opera-magic-flute-768x628.jpg 768w, https:\/\/brigittasimon.com\/wp-content\/uploads\/2024\/08\/Sofia-opera-magic-flute-15x12.jpg 15w, https:\/\/brigittasimon.com\/wp-content\/uploads\/2024\/08\/Sofia-opera-magic-flute.jpg 1200w\" sizes=\"(max-width: 800px) 100vw, 800px\" \/>\t\t\t\t\t\t\t\t\t\t\t\t\t\t\t<\/div>\n\t\t\t\t<\/div>\n\t\t\t\t<\/div>\n\t\t<div class=\"elementor-element elementor-element-1652d4d e-con-full e-flex e-con e-child\" data-id=\"1652d4d\" data-element_type=\"container\" data-e-type=\"container\">\n\t\t\t\t<div class=\"elementor-element elementor-element-ec74ff3 elementor-widget elementor-widget-theme-post-title elementor-page-title elementor-widget-heading\" data-id=\"ec74ff3\" data-element_type=\"widget\" data-e-type=\"widget\" data-widget_type=\"theme-post-title.default\">\n\t\t\t\t<div class=\"elementor-widget-container\">\n\t\t\t\t\t<h2 class=\"elementor-heading-title elementor-size-default\">\u201cQueen of the Night\u201d (Mozart, W.A.: The Magic Flute)<\/h2>\t\t\t\t<\/div>\n\t\t\t\t<\/div>\n\t\t\t\t<div class=\"elementor-element elementor-element-582d5e1 elementor-widget elementor-widget-theme-post-content\" data-id=\"582d5e1\" data-element_type=\"widget\" data-e-type=\"widget\" data-widget_type=\"theme-post-content.default\">\n\t\t\t\t<div class=\"elementor-widget-container\">\n\t\t\t\t\t\n<ul class=\"wp-block-list\">\n<li><strong>Conductor:<\/strong>\u00a0Svetoslav Borisov, Alexandra Lubchansky<\/li>\n\n\n\n<li><strong>Stage Director: <\/strong>Vera Petrova<\/li>\n\n\n\n<li><strong>Orchestra:<\/strong> Sofia Opera and Ballet Orchestra<\/li>\n\n\n\n<li><strong>Choir: <\/strong>Sofia Opera and Ballet Chorus<\/li>\n<\/ul>\n\n\n\n<p><\/p>\n\n\n\n<p><strong>When:<\/strong>\u00a0<\/p>\n\n\n\n<ul class=\"wp-block-list\">\n<li>14th March 2024, at 7:00 p.m.<\/li>\n<\/ul>\n\n\n\n<ul class=\"wp-block-list\">\n<li>30th March 2024, at 7:00 p.m.<\/li>\n<\/ul>\n\n\n\n<p><\/p>\n\n\n\n<p><strong>Where:<\/strong>\u00a0Main Hall, Sofia Opera and Ballet (30 Knyaz Aleksandar Dondukov Blvd, Sofia 1000, BG)<\/p>\n\n\n\n<p class=\"gomb-link\"><strong><a href=\"https:\/\/www.operasofia.bg\/en\/repertoire\/688#dates\" target=\"_blank\" rel=\"noreferrer noopener\">Info &amp; Ticket<\/a><\/strong><\/p>\n\t\t\t\t<\/div>\n\t\t\t\t<\/div>\n\t\t\t\t<\/div>\n\t\t\t\t\t<\/div>\n\t\t\t\t<\/div>\n\t\t\t\t<\/div>\n\t\t\t\t<div data-elementor-type=\"loop-item\" data-elementor-id=\"213\" class=\"elementor elementor-213 e-loop-item e-loop-item-272 post-272 post type-post status-publish format-standard has-post-thumbnail hentry category-news\" data-elementor-post-type=\"elementor_library\" data-custom-edit-handle=\"1\">\n\t\t\t<div class=\"elementor-element elementor-element-a1bd5d0 e-flex e-con-boxed e-con e-parent\" data-id=\"a1bd5d0\" data-element_type=\"container\" data-e-type=\"container\" data-settings=\"{&quot;background_background&quot;:&quot;classic&quot;}\">\n\t\t\t\t\t<div class=\"e-con-inner\">\n\t\t<div class=\"elementor-element elementor-element-df191c8 e-con-full e-flex e-con e-child\" data-id=\"df191c8\" data-element_type=\"container\" data-e-type=\"container\">\n\t\t\t\t<div class=\"elementor-element elementor-element-a83d07b elementor-widget elementor-widget-theme-post-featured-image elementor-widget-image\" data-id=\"a83d07b\" data-element_type=\"widget\" data-e-type=\"widget\" data-widget_type=\"theme-post-featured-image.default\">\n\t\t\t\t<div class=\"elementor-widget-container\">\n\t\t\t\t\t\t\t\t\t\t\t\t\t\t\t<img loading=\"lazy\" decoding=\"async\" width=\"220\" height=\"220\" src=\"https:\/\/brigittasimon.com\/wp-content\/uploads\/2024\/08\/Wienerklassik-Orchester-Vienna-Classic-Orchestra.jpg\" class=\"attachment-large size-large wp-image-274\" alt=\"\" srcset=\"https:\/\/brigittasimon.com\/wp-content\/uploads\/2024\/08\/Wienerklassik-Orchester-Vienna-Classic-Orchestra.jpg 220w, https:\/\/brigittasimon.com\/wp-content\/uploads\/2024\/08\/Wienerklassik-Orchester-Vienna-Classic-Orchestra-150x150.jpg 150w\" sizes=\"(max-width: 220px) 100vw, 220px\" \/>\t\t\t\t\t\t\t\t\t\t\t\t\t\t\t<\/div>\n\t\t\t\t<\/div>\n\t\t\t\t<\/div>\n\t\t<div class=\"elementor-element elementor-element-1652d4d e-con-full e-flex e-con e-child\" data-id=\"1652d4d\" data-element_type=\"container\" data-e-type=\"container\">\n\t\t\t\t<div class=\"elementor-element elementor-element-ec74ff3 elementor-widget elementor-widget-theme-post-title elementor-page-title elementor-widget-heading\" data-id=\"ec74ff3\" data-element_type=\"widget\" data-e-type=\"widget\" data-widget_type=\"theme-post-title.default\">\n\t\t\t\t<div class=\"elementor-widget-container\">\n\t\t\t\t\t<h2 class=\"elementor-heading-title elementor-size-default\">New Year&#8217;s Concert with the Vienna Classic Orchestra<\/h2>\t\t\t\t<\/div>\n\t\t\t\t<\/div>\n\t\t\t\t<div class=\"elementor-element elementor-element-582d5e1 elementor-widget elementor-widget-theme-post-content\" data-id=\"582d5e1\" data-element_type=\"widget\" data-e-type=\"widget\" data-widget_type=\"theme-post-content.default\">\n\t\t\t\t<div class=\"elementor-widget-container\">\n\t\t\t\t\t\n<p><strong>When:<\/strong> 13th January, 2024, at 8:00 p.m.<\/p>\n\n\n\n<p><strong>Where:<\/strong> Festival Hall Dienten (Dorf 22, 5652 Dienten am Hochk\u00f6nig, AT)<\/p>\n\n\n\n<p class=\"gomb-link\"><strong><a href=\"https:\/\/wk.wienerklassik.at\/startseite\/start-en\/\" target=\"_blank\" rel=\"noreferrer noopener\">Info &amp; Ticket<\/a><\/strong><\/p>\n\t\t\t\t<\/div>\n\t\t\t\t<\/div>\n\t\t\t\t<\/div>\n\t\t\t\t\t<\/div>\n\t\t\t\t<\/div>\n\t\t\t\t<\/div>\n\t\t\t\t<div data-elementor-type=\"loop-item\" data-elementor-id=\"213\" class=\"elementor elementor-213 e-loop-item e-loop-item-267 post-267 post type-post status-publish format-standard has-post-thumbnail hentry category-news\" data-elementor-post-type=\"elementor_library\" data-custom-edit-handle=\"1\">\n\t\t\t<div class=\"elementor-element elementor-element-a1bd5d0 e-flex e-con-boxed e-con e-parent\" data-id=\"a1bd5d0\" data-element_type=\"container\" data-e-type=\"container\" data-settings=\"{&quot;background_background&quot;:&quot;classic&quot;}\">\n\t\t\t\t\t<div class=\"e-con-inner\">\n\t\t<div class=\"elementor-element elementor-element-df191c8 e-con-full e-flex e-con e-child\" data-id=\"df191c8\" data-element_type=\"container\" data-e-type=\"container\">\n\t\t\t\t<div class=\"elementor-element elementor-element-a83d07b elementor-widget elementor-widget-theme-post-featured-image elementor-widget-image\" data-id=\"a83d07b\" data-element_type=\"widget\" data-e-type=\"widget\" data-widget_type=\"theme-post-featured-image.default\">\n\t\t\t\t<div class=\"elementor-widget-container\">\n\t\t\t\t\t\t\t\t\t\t\t\t\t\t\t<img loading=\"lazy\" decoding=\"async\" width=\"750\" height=\"755\" src=\"https:\/\/brigittasimon.com\/wp-content\/uploads\/2024\/08\/Salute-2024.jpg\" class=\"attachment-large size-large wp-image-269\" alt=\"\" srcset=\"https:\/\/brigittasimon.com\/wp-content\/uploads\/2024\/08\/Salute-2024.jpg 750w, https:\/\/brigittasimon.com\/wp-content\/uploads\/2024\/08\/Salute-2024-298x300.jpg 298w, https:\/\/brigittasimon.com\/wp-content\/uploads\/2024\/08\/Salute-2024-150x150.jpg 150w\" sizes=\"(max-width: 750px) 100vw, 750px\" \/>\t\t\t\t\t\t\t\t\t\t\t\t\t\t\t<\/div>\n\t\t\t\t<\/div>\n\t\t\t\t<\/div>\n\t\t<div class=\"elementor-element elementor-element-1652d4d e-con-full e-flex e-con e-child\" data-id=\"1652d4d\" data-element_type=\"container\" data-e-type=\"container\">\n\t\t\t\t<div class=\"elementor-element elementor-element-ec74ff3 elementor-widget elementor-widget-theme-post-title elementor-page-title elementor-widget-heading\" data-id=\"ec74ff3\" data-element_type=\"widget\" data-e-type=\"widget\" data-widget_type=\"theme-post-title.default\">\n\t\t\t\t<div class=\"elementor-widget-container\">\n\t\t\t\t\t<h2 class=\"elementor-heading-title elementor-size-default\">&#8220;Salute to Vienna&#8221; New Year&#8217;s Concert<\/h2>\t\t\t\t<\/div>\n\t\t\t\t<\/div>\n\t\t\t\t<div class=\"elementor-element elementor-element-582d5e1 elementor-widget elementor-widget-theme-post-content\" data-id=\"582d5e1\" data-element_type=\"widget\" data-e-type=\"widget\" data-widget_type=\"theme-post-content.default\">\n\t\t\t\t<div class=\"elementor-widget-container\">\n\t\t\t\t\t\n<p>Celebrate the New Year with a joyful spectacle featuring celebrated singers, dazzlingly costumed dancers, and a full symphony orchestra. The exuberant music of Johann Strauss and his contemporaries springs to vibrant life with selections from beloved operettas, elegant dances, lively overtures, and the beautiful Blue Danube Waltz.<\/p>\n\n\n\n<ul class=\"wp-block-list\">\n<li><strong>Conductor:<\/strong> Michael Zehetner<\/li>\n\n\n\n<li><strong>Tenor:<\/strong> David Danholt<\/li>\n\n\n\n<li><strong>Orchestra:<\/strong> Vancouver Symphony Orchestra<\/li>\n<\/ul>\n\n\n\n<p><\/p>\n\n\n\n<p><strong>When:<\/strong> 1st January, 2024, at 2:30 p.m.<\/p>\n\n\n\n<p><strong>Where:<\/strong> Orpheum Theatre (601 Smithe St, Vancouver, BC V6B 3L4, Canada)<\/p>\n\n\n\n<p class=\"gomb-link\"><strong><a href=\"https:\/\/www.salutetovienna.com\/concerts2\" target=\"_blank\" rel=\"noreferrer noopener\">Info &amp; Ticket<\/a><\/strong><\/p>\n\n\n\n<p><\/p>\n\t\t\t\t<\/div>\n\t\t\t\t<\/div>\n\t\t\t\t<\/div>\n\t\t\t\t\t<\/div>\n\t\t\t\t<\/div>\n\t\t\t\t<\/div>\n\t\t\t\t<\/div>\n\t\t\n\t\t\t\t\t\t<\/div>\n\t\t\t\t<\/div>\n\t\t\t\t<\/div>\n\t\t\t\t\t<\/div>\n\t\t\t\t<\/div>\n\t\t\t\t<\/div>\n\t\t","protected":false},"excerpt":{"rendered":"","protected":false},"author":1,"featured_media":0,"parent":0,"menu_order":0,"comment_status":"closed","ping_status":"closed","template":"","meta":{"_acf_changed":false,"footnotes":""},"class_list":["post-36","page","type-page","status-publish","hentry"],"acf":[],"_links":{"self":[{"href":"https:\/\/brigittasimon.com\/hu\/wp-json\/wp\/v2\/pages\/36","targetHints":{"allow":["GET"]}}],"collection":[{"href":"https:\/\/brigittasimon.com\/hu\/wp-json\/wp\/v2\/pages"}],"about":[{"href":"https:\/\/brigittasimon.com\/hu\/wp-json\/wp\/v2\/types\/page"}],"author":[{"embeddable":true,"href":"https:\/\/brigittasimon.com\/hu\/wp-json\/wp\/v2\/users\/1"}],"replies":[{"embeddable":true,"href":"https:\/\/brigittasimon.com\/hu\/wp-json\/wp\/v2\/comments?post=36"}],"version-history":[{"count":0,"href":"https:\/\/brigittasimon.com\/hu\/wp-json\/wp\/v2\/pages\/36\/revisions"}],"wp:attachment":[{"href":"https:\/\/brigittasimon.com\/hu\/wp-json\/wp\/v2\/media?parent=36"}],"curies":[{"name":"wp","href":"https:\/\/api.w.org\/{rel}","templated":true}]}}