{"id":30,"date":"2024-08-01T11:11:06","date_gmt":"2024-08-01T09:11:06","guid":{"rendered":"https:\/\/brigittasimon.com\/?page_id=30"},"modified":"2024-08-02T10:56:57","modified_gmt":"2024-08-02T08:56:57","slug":"biography","status":"publish","type":"page","link":"https:\/\/brigittasimon.com\/hu\/biography\/","title":{"rendered":"\u00c9letrajz"},"content":{"rendered":"<p class=\" translation-block\">A szopr\u00e1n Simon Brigitta Budapesten sz\u00fcletett. Zeneiskolai, majd konzervat\u00f3riumi tanulm\u00e1nyait Gy\u0151rben v\u00e9gezte. Az \u00e9retts\u00e9gi vizsga ut\u00e1n megkezdte \u00e9nektanulm\u00e1nyait a B\u00e9csi Zenem\u0171v\u00e9szeti Egyetemen, ahol okleveles Opera\u00e9nek- m\u0171v\u00e9sz (2014), Okleveles Orat\u00f3rium- \u00e9s dal\u00e9nek-m\u0171v\u00e9sz (2018), valamint okleveles Mag\u00e1n\u00e9nektan\u00e1r (2018) diplom\u00e1t szerzett.<\/p>\n\n\n\n<p>Brigitta sz\u00e1mos hazai \u00e9s nemzetk\u00f6zi \u00e9nekverseny d\u00edjazottja. 2009 nyar\u00e1n finalista volt Placido Domingo h\u00edres operaverseny\u00e9n, az Oper\u00e1li\u00e1n.  K\u00fcl\u00f6nd\u00edjk\u00e9nt megh\u00edv\u00e1st kapott Domingo P\u00e9csi koncertj\u00e9re, hogy a verseny gy\u0151zteseivel egy\u00fctt \u0151 is vend\u00e9gm\u0171v\u00e9szk\u00e9nt l\u00e9pjen fel a vil\u00e1gh\u00edr\u0171 Tenor oldal\u00e1n. A koncerten Brigitta 2 \u00e1ri\u00e1t, valamint 2 duettet adott el\u0151 a h\u00edres Tenor partnerek\u00e9nt.<\/p>\n\n\n\n<p>Az operasz\u00ednpadon Zerlina szerep\u00e9vel deb\u00fct\u00e1lt a Steyr Zenei Fesztiv\u00e1lon 2010-ben. (W. A. Mozart: Don Giovanni). 2011-ben felv\u00e9telt nyert a valenciai operah\u00e1z (Palau de les Arts Reina Sofia) operast\u00fadi\u00f3j\u00e1ba. A program elv\u00e9gz\u00e9s\u00e9t k\u00f6vet\u0151en Brigitta kimagasl\u00f3 \u00e9s meggy\u0151z\u0151 m\u0171v\u00e9szi teljes\u00edtm\u00e9ny\u00e9t az operah\u00e1z a 2011\/2012-es \u00e9vadra sz\u00f3l\u00f3 szerz\u0151d\u00e9ssel jutalmazta.<\/p>\n\n\n\n<p>Ezt k\u00f6vet\u0151en fell\u00e9p\u00e9sek k\u00f6vetkeztek az eg\u00e9sz vil\u00e1gon. Sz\u00e1mos zenekar sz\u00f3list\u00e1jak\u00e9nt l\u00e9pett sz\u00ednpadra \u00e9s Eur\u00f3pa olyan h\u00edres sz\u00ednpadain \u00e9nekelt, mint a Berlini Filharm\u00f3nia nagyterme vagy a b\u00e9csi Musikverein Aranyterme.<\/p>\n\n\n\n<p>Koncertjei \u00e9s szerepei elvezett\u00e9k \u0151t a b\u00e9csi Konzerthaus-ba, a grazi Musikverein-be, a b\u00e9csi Hofburg d\u00edszterm\u00e9be (Megnyit\u00f3 - 57. K\u00e1v\u00e9m\u00e9r\u0151k B\u00e1lja), a frankfurti Alte Oper-be, a berlini Deutsche Oper-be, a b\u00e9csi \u00c1llami Operah\u00e1zba, a grazi Kongresszus hangversenyterm\u00e9be (Stefaniensaal), az anconai Teatro delle Muse sz\u00ednh\u00e1zba, a bolg\u00e1r Nemzeti Oper\u00e1ba (Sofia), a lett Nemzeti Oper\u00e1ba (Riga), a moszkvai Tschaikovsky Konzervat\u00f3rium nagyterm\u00e9be, a m\u00fcncheni Residenz - egykori bajor kir\u00e1lyi palota \u2013 Herkulessaal hangversenyterm\u00e9be, a sofiai Nemzeti Kult\u00farpalot\u00e1ba, valamint a Werdenberger Fesztiv\u00e1lhoz Sv\u00e1jcba, a Herbsttage Blindenmarkt Fesztiv\u00e1lhoz Ausztri\u00e1ba, az Arctic Opera Fesztiv\u00e1lhoz Tromso-be, a Teatro Lirico Espa\u00f1ol Fesztiv\u00e1lhoz Oviedoba \u00e9s a \u201eBascarsija Nights\u201c fesztiv\u00e1lhoz Szarajev\u00f3ba.<\/p>\n\n\n\n<p>Eur\u00f3p\u00e1n k\u00edv\u00fcl fell\u00e9pett m\u00e1r Tun\u00e9zi\u00e1ban (Festival international de musique symphonique d'El Jem), Egyiptomban (Cairo \u00c1llami Operah\u00e1z, Alexandria-i Opera), K\u00edn\u00e1ban (a Kempinski B\u00e9csi B\u00e1l megnyit\u00f3ja Pekingben), Kanad\u00e1ban (Living Arts Centrum Mississauga) D\u00e9l-Kore\u00e1ban (Seongnam Arts Center, Sz\u00f6ul), Jap\u00e1nban (Daiichi Seimei Concert Hall in Tokyo) \u00e9s az USA-ban (Symphony Center in Chicago).<\/p>\n\n\n\n<p>Az Operasz\u00ednpadon olyan szerepekben volt hallhat\u00f3, mint Lucy (Menotti: A telefon), Belinda (Purcell: Dido \u00e9s Aeneas), Susanna (Mozart: Figaro h\u00e1zass\u00e1ga), Adele (Strauss: A denev\u00e9r), \u00c9jkir\u00e1lyn\u0151 (Mozart: A var\u00e1zsfuvola), Olympia (Offenbach: Hoffmann mes\u00e9i), Donna Anna (Mozart: Don Giovanni), Pelzchen (Von Einem: Tulifant), Violetta Val\u00e9ry (Verdi: La Traviata) und Mica\u00ebla (Bizet: Carmen).<\/p>\n\n\n\n<p>Eddigi p\u00e1ly\u00e1ja sor\u00e1n Brigitt\u00e1t az a megtiszteltet\u00e9s \u00e9rte, hogy olyan ismert \u00e9s nagyszer\u0171 m\u0171v\u00e9szekkel dolgozhatott egy\u00fctt, mint Pl\u00e1cido Domingo, Ruggero Raimondi, Zubin Mehta, Helmut Deutsch, Uwe Theimer, K\u00e1lm\u00e1n Berkes, Lior Shambadal \u00e9s m\u00e9g sokan m\u00e1sok.<\/p>","protected":false},"excerpt":{"rendered":"<p>Soprano Brigitta Simon was born in Budapest (Hungary) and received her initial musical education in Gy\u0151r. After high school graduation, she began her vocal studies at the University of Music and Performing Arts Vienna, where she completed her diploma in Opera singing with summa cum laude (2014), her master\u2019s degree in Lied and Oratorio (2018) [&hellip;]<\/p>\n","protected":false},"author":1,"featured_media":0,"parent":0,"menu_order":0,"comment_status":"closed","ping_status":"closed","template":"","meta":{"_acf_changed":false,"footnotes":""},"class_list":["post-30","page","type-page","status-publish","hentry"],"acf":[],"_links":{"self":[{"href":"https:\/\/brigittasimon.com\/hu\/wp-json\/wp\/v2\/pages\/30","targetHints":{"allow":["GET"]}}],"collection":[{"href":"https:\/\/brigittasimon.com\/hu\/wp-json\/wp\/v2\/pages"}],"about":[{"href":"https:\/\/brigittasimon.com\/hu\/wp-json\/wp\/v2\/types\/page"}],"author":[{"embeddable":true,"href":"https:\/\/brigittasimon.com\/hu\/wp-json\/wp\/v2\/users\/1"}],"replies":[{"embeddable":true,"href":"https:\/\/brigittasimon.com\/hu\/wp-json\/wp\/v2\/comments?post=30"}],"version-history":[{"count":1,"href":"https:\/\/brigittasimon.com\/hu\/wp-json\/wp\/v2\/pages\/30\/revisions"}],"predecessor-version":[{"id":2125,"href":"https:\/\/brigittasimon.com\/hu\/wp-json\/wp\/v2\/pages\/30\/revisions\/2125"}],"wp:attachment":[{"href":"https:\/\/brigittasimon.com\/hu\/wp-json\/wp\/v2\/media?parent=30"}],"curies":[{"name":"wp","href":"https:\/\/api.w.org\/{rel}","templated":true}]}}